{"id":17,"date":"2024-01-29T13:04:40","date_gmt":"2024-01-29T12:04:40","guid":{"rendered":"https:\/\/fetedelabio.org\/2024\/?page_id=17"},"modified":"2024-05-15T22:26:14","modified_gmt":"2024-05-15T20:26:14","slug":"fete-de-la-bio-edition-2024","status":"publish","type":"page","link":"https:\/\/fetedelabio.org\/2024\/","title":{"rendered":"F\u00eate de la Bio &#8211; \u00c9dition 2024"},"content":{"rendered":"<p>[et_pb_section fb_built=\u00a0\u00bb1&Prime; admin_label=\u00a0\u00bbHeader\u00a0\u00bb _builder_version=\u00a0\u00bb4.24.0&Prime; background_color=\u00a0\u00bb#d9c6b8&Prime; background_image=\u00a0\u00bbhttps:\/\/fetedelabio.org\/wp-content\/uploads\/2024\/01\/fondEntete2.png\u00a0\u00bb custom_margin=\u00a0\u00bb||||false|false\u00a0\u00bb custom_padding=\u00a0\u00bb0px||0px||true|false\u00a0\u00bb bottom_divider_style=\u00a0\u00bbcurve\u00a0\u00bb bottom_divider_color=\u00a0\u00bb#FFFFFF\u00a0\u00bb bottom_divider_height=\u00a0\u00bb6vw\u00a0\u00bb da_disable_devices=\u00a0\u00bboff|off|off\u00a0\u00bb locked=\u00a0\u00bboff\u00a0\u00bb global_colors_info=\u00a0\u00bb{}\u00a0\u00bb da_is_popup=\u00a0\u00bboff\u00a0\u00bb da_exit_intent=\u00a0\u00bboff\u00a0\u00bb da_has_close=\u00a0\u00bbon\u00a0\u00bb da_alt_close=\u00a0\u00bboff\u00a0\u00bb da_dark_close=\u00a0\u00bboff\u00a0\u00bb da_not_modal=\u00a0\u00bbon\u00a0\u00bb da_is_singular=\u00a0\u00bboff\u00a0\u00bb da_with_loader=\u00a0\u00bboff\u00a0\u00bb da_has_shadow=\u00a0\u00bbon\u00a0\u00bb][et_pb_row custom_padding_last_edited=\u00a0\u00bbon|tablet\u00a0\u00bb _builder_version=\u00a0\u00bb4.24.0&Prime; background_enable_image=\u00a0\u00bboff\u00a0\u00bb background_size=\u00a0\u00bbcontain\u00a0\u00bb custom_padding=\u00a0\u00bb||150px||false|false\u00a0\u00bb custom_padding_tablet=\u00a0\u00bb100px||150px||false|false\u00a0\u00bb custom_padding_phone=\u00a0\u00bb100px||150px||false|false\u00a0\u00bb animation_style=\u00a0\u00bbzoom\u00a0\u00bb animation_intensity_zoom=\u00a0\u00bb10%\u00a0\u00bb global_colors_info=\u00a0\u00bb{}\u00a0\u00bb][et_pb_column type=\u00a0\u00bb4_4&Prime; _builder_version=\u00a0\u00bb4.16&Prime; custom_padding=\u00a0\u00bb|||\u00a0\u00bb global_colors_info=\u00a0\u00bb{}\u00a0\u00bb custom_padding__hover=\u00a0\u00bb|||\u00a0\u00bb][et_pb_image src=\u00a0\u00bbhttps:\/\/fetedelabio.org\/2024\/wp-content\/uploads\/sites\/2\/2024\/01\/edition2024.png\u00a0\u00bb title_text=\u00a0\u00bbedition2024&Prime; align=\u00a0\u00bbcenter\u00a0\u00bb align_tablet=\u00a0\u00bbcenter\u00a0\u00bb align_phone=\u00a0\u00bb\u00a0\u00bb align_last_edited=\u00a0\u00bbon|desktop\u00a0\u00bb _builder_version=\u00a0\u00bb4.24.0&Prime; max_width=\u00a0\u00bb250px\u00a0\u00bb animation_style=\u00a0\u00bbslide\u00a0\u00bb animation_direction=\u00a0\u00bbbottom\u00a0\u00bb global_colors_info=\u00a0\u00bb{}\u00a0\u00bb][\/et_pb_image][et_pb_text _builder_version=\u00a0\u00bb4.16&Prime; text_font=\u00a0\u00bb||||||||\u00a0\u00bb header_font=\u00a0\u00bbMontserrat|500||on|||||\u00a0\u00bb header_font_size=\u00a0\u00bb18px\u00a0\u00bb header_letter_spacing=\u00a0\u00bb5px\u00a0\u00bb header_line_height=\u00a0\u00bb1.5em\u00a0\u00bb header_2_font=\u00a0\u00bbMerriweather|||on|||||\u00a0\u00bb header_2_font_size=\u00a0\u00bb70px\u00a0\u00bb header_2_letter_spacing=\u00a0\u00bb5px\u00a0\u00bb header_2_line_height=\u00a0\u00bb1.4em\u00a0\u00bb text_orientation=\u00a0\u00bbcenter\u00a0\u00bb background_layout=\u00a0\u00bbdark\u00a0\u00bb header_font_size_tablet=\u00a0\u00bb\u00a0\u00bb header_font_size_phone=\u00a0\u00bb12px\u00a0\u00bb header_font_size_last_edited=\u00a0\u00bbon|desktop\u00a0\u00bb header_2_font_size_tablet=\u00a0\u00bb50px\u00a0\u00bb header_2_font_size_phone=\u00a0\u00bb30px\u00a0\u00bb header_2_font_size_last_edited=\u00a0\u00bbon|desktop\u00a0\u00bb global_colors_info=\u00a0\u00bb{}\u00a0\u00bb]<\/p>\n<h2>F\u00eate de la bio<\/h2>\n<h1>en Normandie<\/h1>\n<p>&nbsp;<\/p>\n<p>&nbsp;<\/p>\n<p>[\/et_pb_text][et_pb_button button_text=\u00a0\u00bbT\u00e9l\u00e9charger le programme\u00a0\u00bb _builder_version=\u00a0\u00bb4.24.0&Prime; _module_preset=\u00a0\u00bbdefault\u00a0\u00bb custom_button=\u00a0\u00bbon\u00a0\u00bb button_text_color=\u00a0\u00bb#d9c6b8&Prime; button_bg_color=\u00a0\u00bb#FFFFFF\u00a0\u00bb button_bg_enable_color=\u00a0\u00bbon\u00a0\u00bb button_alignment=\u00a0\u00bbcenter\u00a0\u00bb button_icon=\u00a0\u00bb&#x69;||divi||400&Prime; button_on_hover=\u00a0\u00bboff\u00a0\u00bb button_url=\u00a0\u00bbhttps:\/\/fetedelabio.org\/2024\/wp-content\/uploads\/sites\/2\/2024\/05\/PROGRAMME-A4-2024.pdf\u00a0\u00bb hover_enabled=\u00a0\u00bb0&Prime; sticky_enabled=\u00a0\u00bb0&Prime;][\/et_pb_button][\/et_pb_column][\/et_pb_row][\/et_pb_section][et_pb_section fb_built=\u00a0\u00bb1&Prime; disabled_on=\u00a0\u00bbon|on|on\u00a0\u00bb admin_label=\u00a0\u00bbPopup &#8211; #popConstruction\u00a0\u00bb module_id=\u00a0\u00bbpopConstruction\u00a0\u00bb module_class=\u00a0\u00bbpopup\u00a0\u00bb _builder_version=\u00a0\u00bb4.24.0&Prime; _module_preset=\u00a0\u00bbdefault\u00a0\u00bb max_width=\u00a0\u00bb800px\u00a0\u00bb module_alignment=\u00a0\u00bbcenter\u00a0\u00bb custom_padding=\u00a0\u00bb0px||0px||false|false\u00a0\u00bb da_is_popup=\u00a0\u00bbon\u00a0\u00bb da_popup_slug=\u00a0\u00bbpopConstruction\u00a0\u00bb da_disable_devices=\u00a0\u00bbon|on|on\u00a0\u00bb border_radii=\u00a0\u00bbon|15px|15px|15px|15px\u00a0\u00bb box_shadow_style=\u00a0\u00bbpreset1&Prime; disabled=\u00a0\u00bbon\u00a0\u00bb global_colors_info=\u00a0\u00bb{}\u00a0\u00bb da_exit_intent=\u00a0\u00bboff\u00a0\u00bb da_has_close=\u00a0\u00bbon\u00a0\u00bb da_alt_close=\u00a0\u00bboff\u00a0\u00bb da_dark_close=\u00a0\u00bboff\u00a0\u00bb da_not_modal=\u00a0\u00bbon\u00a0\u00bb da_is_singular=\u00a0\u00bboff\u00a0\u00bb da_with_loader=\u00a0\u00bboff\u00a0\u00bb da_has_shadow=\u00a0\u00bbon\u00a0\u00bb][et_pb_row column_structure=\u00a0\u00bb2_5,3_5&Prime; make_equal=\u00a0\u00bbon\u00a0\u00bb _builder_version=\u00a0\u00bb4.24.0&Prime; _module_preset=\u00a0\u00bbdefault\u00a0\u00bb custom_css_main_element=\u00a0\u00bbalign-items: center;\u00a0\u00bb global_colors_info=\u00a0\u00bb{}\u00a0\u00bb][et_pb_column type=\u00a0\u00bb2_5&Prime; _builder_version=\u00a0\u00bb4.24.0&Prime; _module_preset=\u00a0\u00bbdefault\u00a0\u00bb global_colors_info=\u00a0\u00bb{}\u00a0\u00bb][et_pb_image src=\u00a0\u00bbhttps:\/\/fetedelabio.org\/2024\/wp-content\/uploads\/sites\/2\/2024\/01\/logo_Fete_de_la_Bio_2024.png\u00a0\u00bb title_text=\u00a0\u00bblogo_Fete_de_la_Bio_2024&Prime; align=\u00a0\u00bbcenter\u00a0\u00bb _builder_version=\u00a0\u00bb4.24.0&Prime; _module_preset=\u00a0\u00bbdefault\u00a0\u00bb global_colors_info=\u00a0\u00bb{}\u00a0\u00bb][\/et_pb_image][\/et_pb_column][et_pb_column type=\u00a0\u00bb3_5&Prime; _builder_version=\u00a0\u00bb4.24.0&Prime; _module_preset=\u00a0\u00bbdefault\u00a0\u00bb global_colors_info=\u00a0\u00bb{}\u00a0\u00bb][et_pb_text _builder_version=\u00a0\u00bb4.24.0&Prime; _module_preset=\u00a0\u00bbdefault\u00a0\u00bb header_2_font=\u00a0\u00bb|700|||||||\u00a0\u00bb header_2_text_color=\u00a0\u00bb#d9c6b8&Prime; header_2_line_height=\u00a0\u00bb2em\u00a0\u00bb global_colors_info=\u00a0\u00bb{}\u00a0\u00bb]<\/p>\n<h2>Ce site est encore en construction.<\/h2>\n<p>Vous pouvez n\u00e9anmoins le visiter, mais toutes les informations concernant l&rsquo;\u00e9dition 2024 de la F\u00eate de la Bio n&rsquo;y sont pas encore consign\u00e9es.<\/p>\n<p>Pensez \u00e0 revenir y faire un tour pour en d\u00e9couvrir les derni\u00e8res mises \u00e0 jour.<\/p>\n<p>[\/et_pb_text][et_pb_code _builder_version=\u00a0\u00bb4.24.0&Prime; _module_preset=\u00a0\u00bbdefault\u00a0\u00bb global_colors_info=\u00a0\u00bb{}\u00a0\u00bb]<script><!-- [et_pb_line_break_holder] -->window.setTimeout(function(){ <!-- [et_pb_line_break_holder] --> \/\/ First check, if localStorage is supported.<!-- [et_pb_line_break_holder] --> if (window.localStorage) {<!-- [et_pb_line_break_holder] -->  \/\/ Get the expiration date of the previous popup.<!-- [et_pb_line_break_holder] -->  var nextPopup = localStorage.getItem( 'nextPopup' );<!-- [et_pb_line_break_holder] --><!-- [et_pb_line_break_holder] -->  if (nextPopup > new Date()) {<!-- [et_pb_line_break_holder] -->   return;<!-- [et_pb_line_break_holder] -->  }<!-- [et_pb_line_break_holder] --><!-- [et_pb_line_break_holder] -->  \/\/ Store the expiration date of the current popup in localStorage.<!-- [et_pb_line_break_holder] -->  var expires = new Date();<!-- [et_pb_line_break_holder] -->  expires = expires.setHours(expires.getHours() + 24);<!-- [et_pb_line_break_holder] --><!-- [et_pb_line_break_holder] -->  localStorage.setItem( 'nextPopup', expires );<!-- [et_pb_line_break_holder] --> }<!-- [et_pb_line_break_holder] --><!-- [et_pb_line_break_holder] --> DiviArea.show('popConstruction');<!-- [et_pb_line_break_holder] -->}, 3000);<!-- [et_pb_line_break_holder] --><\/script>[\/et_pb_code][\/et_pb_column][\/et_pb_row][\/et_pb_section][et_pb_section fb_built=\u00a0\u00bb1&Prime; _builder_version=\u00a0\u00bb4.24.0&Prime; _module_preset=\u00a0\u00bbdefault\u00a0\u00bb custom_padding=\u00a0\u00bb0px||0px||false|false\u00a0\u00bb da_disable_devices=\u00a0\u00bboff|off|off\u00a0\u00bb global_colors_info=\u00a0\u00bb{}\u00a0\u00bb da_is_popup=\u00a0\u00bboff\u00a0\u00bb da_exit_intent=\u00a0\u00bboff\u00a0\u00bb da_has_close=\u00a0\u00bbon\u00a0\u00bb da_alt_close=\u00a0\u00bboff\u00a0\u00bb da_dark_close=\u00a0\u00bboff\u00a0\u00bb da_not_modal=\u00a0\u00bbon\u00a0\u00bb da_is_singular=\u00a0\u00bboff\u00a0\u00bb da_with_loader=\u00a0\u00bboff\u00a0\u00bb da_has_shadow=\u00a0\u00bbon\u00a0\u00bb][et_pb_row _builder_version=\u00a0\u00bb4.24.0&Prime; _module_preset=\u00a0\u00bbdefault\u00a0\u00bb custom_padding=\u00a0\u00bb0px||0px||false|false\u00a0\u00bb global_colors_info=\u00a0\u00bb{}\u00a0\u00bb][et_pb_column type=\u00a0\u00bb4_4&Prime; _builder_version=\u00a0\u00bb4.24.0&Prime; _module_preset=\u00a0\u00bbdefault\u00a0\u00bb global_colors_info=\u00a0\u00bb{}\u00a0\u00bb][et_pb_slider show_arrows=\u00a0\u00bboff\u00a0\u00bb show_image_video_mobile=\u00a0\u00bbon\u00a0\u00bb dot_nav_custom_color=\u00a0\u00bb#000000&Prime; _builder_version=\u00a0\u00bb4.24.0&Prime; _module_preset=\u00a0\u00bbdefault\u00a0\u00bb header_text_color=\u00a0\u00bb#bd602a\u00a0\u00bb width_tablet=\u00a0\u00bb100%\u00a0\u00bb width_phone=\u00a0\u00bb100%\u00a0\u00bb width_last_edited=\u00a0\u00bbon|tablet\u00a0\u00bb custom_padding=\u00a0\u00bb||||false|false\u00a0\u00bb auto=\u00a0\u00bbon\u00a0\u00bb auto_speed=\u00a0\u00bb15000&Prime; body_font_size_tablet=\u00a0\u00bb\u00a0\u00bb body_font_size_phone=\u00a0\u00bb18px\u00a0\u00bb body_font_size_last_edited=\u00a0\u00bbon|phone\u00a0\u00bb custom_css_slide_title=\u00a0\u00bbmargin-bottom: 25px;\u00a0\u00bb global_colors_info=\u00a0\u00bb{}\u00a0\u00bb custom_css_slide_description_last_edited=\u00a0\u00bbon|phone\u00a0\u00bb custom_css_slide_description_phone=\u00a0\u00bbpadding-top: 50px !important;\u00a0\u00bb custom_css_main_element_last_edited=\u00a0\u00bbon|tablet\u00a0\u00bb][et_pb_slide heading=\u00a0\u00bbRestauration\u00a0\u00bb button_text=\u00a0\u00bbJe r\u00e9serve mon repas du samedi soir\u00a0\u00bb button_link=\u00a0\u00bbhttps:\/\/www.helloasso.com\/associations\/fete-de-la-bio-normandie\/evenements\/repas-fete-de-la-bio-2024&Prime; image=\u00a0\u00bbhttps:\/\/fetedelabio.org\/2024\/wp-content\/uploads\/sites\/2\/2024\/05\/restauration.jpg\u00a0\u00bb use_text_overlay=\u00a0\u00bboff\u00a0\u00bb _builder_version=\u00a0\u00bb4.24.0&Prime; _module_preset=\u00a0\u00bbdefault\u00a0\u00bb header_text_align=\u00a0\u00bbcenter\u00a0\u00bb header_text_color=\u00a0\u00bb#e3a89d\u00a0\u00bb body_text_align=\u00a0\u00bbcenter\u00a0\u00bb body_text_color=\u00a0\u00bb#1c1c1c\u00a0\u00bb body_line_height=\u00a0\u00bb1.8em\u00a0\u00bb background_color=\u00a0\u00bb#FFFFFF\u00a0\u00bb background_enable_color=\u00a0\u00bbon\u00a0\u00bb custom_button=\u00a0\u00bbon\u00a0\u00bb button_text_color=\u00a0\u00bb#FFFFFF\u00a0\u00bb button_bg_color=\u00a0\u00bb#e3a89d\u00a0\u00bb button_alignment=\u00a0\u00bbcenter\u00a0\u00bb global_colors_info=\u00a0\u00bb{}\u00a0\u00bb sticky_transition=\u00a0\u00bbon\u00a0\u00bb]<\/p>\n<p>En continu sur le weekend, diverses buvettes et stands de restauration, assiettes d\u00e9ouvertes, frites, desserts avec produits bio.<\/p>\n<p>Restauration assise pour le repas du soir sur r\u00e9servation.<\/p>\n<p>[\/et_pb_slide][et_pb_slide heading=\u00a0\u00bbDes ateliers\u00a0\u00bb button_text=\u00a0\u00bbJe prends mon ticket d&rsquo;entr\u00e9e\u00a0\u00bb button_link=\u00a0\u00bbhttps:\/\/www.helloasso.com\/associations\/fete-de-la-bio-normandie\/evenements\/fete-de-la-bio-2024-les-trois-pierres\u00a0\u00bb image=\u00a0\u00bbhttps:\/\/fetedelabio.org\/2024\/wp-content\/uploads\/sites\/2\/2024\/05\/ateliers.jpg\u00a0\u00bb use_text_overlay=\u00a0\u00bboff\u00a0\u00bb _builder_version=\u00a0\u00bb4.24.0&Prime; _module_preset=\u00a0\u00bbdefault\u00a0\u00bb header_text_align=\u00a0\u00bbcenter\u00a0\u00bb header_text_color=\u00a0\u00bb#bd602a\u00a0\u00bb body_text_align=\u00a0\u00bbcenter\u00a0\u00bb body_text_color=\u00a0\u00bb#1c1c1c\u00a0\u00bb body_line_height=\u00a0\u00bb1.8em\u00a0\u00bb background_color=\u00a0\u00bb#FFFFFF\u00a0\u00bb background_enable_color=\u00a0\u00bbon\u00a0\u00bb custom_button=\u00a0\u00bbon\u00a0\u00bb button_text_color=\u00a0\u00bb#FFFFFF\u00a0\u00bb button_bg_color=\u00a0\u00bb#bd602a\u00a0\u00bb button_alignment=\u00a0\u00bbcenter\u00a0\u00bb global_colors_info=\u00a0\u00bb{}\u00a0\u00bb sticky_transition=\u00a0\u00bbon\u00a0\u00bb]<\/p>\n<p>Sur des sujets aussi vari\u00e9s que le recyclage, la permaculture, la cuisine, le jardinage, la lacto-fermentation&#8230;<\/p>\n<p>[\/et_pb_slide][et_pb_slide heading=\u00a0\u00bbDes tables rondes et d\u00e9bats\u00a0\u00bb button_text=\u00a0\u00bbJe prends mon ticket d&rsquo;entr\u00e9e\u00a0\u00bb button_link=\u00a0\u00bbhttps:\/\/www.helloasso.com\/associations\/fete-de-la-bio-normandie\/evenements\/fete-de-la-bio-2024-les-trois-pierres\u00a0\u00bb image=\u00a0\u00bbhttps:\/\/fetedelabio.org\/2024\/wp-content\/uploads\/sites\/2\/2024\/05\/debats.jpg\u00a0\u00bb use_text_overlay=\u00a0\u00bboff\u00a0\u00bb _builder_version=\u00a0\u00bb4.24.0&Prime; _module_preset=\u00a0\u00bbdefault\u00a0\u00bb header_text_align=\u00a0\u00bbcenter\u00a0\u00bb header_text_color=\u00a0\u00bb#b7be1f\u00a0\u00bb body_text_align=\u00a0\u00bbcenter\u00a0\u00bb body_text_color=\u00a0\u00bb#1c1c1c\u00a0\u00bb body_line_height=\u00a0\u00bb1.8em\u00a0\u00bb background_color=\u00a0\u00bb#FFFFFF\u00a0\u00bb background_enable_color=\u00a0\u00bbon\u00a0\u00bb custom_button=\u00a0\u00bbon\u00a0\u00bb button_text_color=\u00a0\u00bb#FFFFFF\u00a0\u00bb button_bg_color=\u00a0\u00bb#b7be1f\u00a0\u00bb button_alignment=\u00a0\u00bbcenter\u00a0\u00bb global_colors_info=\u00a0\u00bb{}\u00a0\u00bb sticky_transition=\u00a0\u00bbon\u00a0\u00bb]<\/p>\n<p>Sur des sujets aussi vari\u00e9s que l&rsquo;agroforesterie, la fili\u00e8re de l&rsquo;\u00e9levage en agriculture bio, les insectes auxiliaires, la place des femmes dans l&rsquo;agriculture, la PAC, la BIO en restauration collective&#8230;<\/p>\n<p>[\/et_pb_slide][et_pb_slide heading=\u00a0\u00bbDe nombreux stands\u00a0\u00bb button_text=\u00a0\u00bbJe prends mon ticket d&rsquo;entr\u00e9e\u00a0\u00bb button_link=\u00a0\u00bbhttps:\/\/www.helloasso.com\/associations\/fete-de-la-bio-normandie\/evenements\/fete-de-la-bio-2024-les-trois-pierres\u00a0\u00bb image=\u00a0\u00bbhttps:\/\/fetedelabio.org\/2024\/wp-content\/uploads\/sites\/2\/2024\/05\/marche.jpg\u00a0\u00bb use_text_overlay=\u00a0\u00bboff\u00a0\u00bb _builder_version=\u00a0\u00bb4.24.0&Prime; _module_preset=\u00a0\u00bbdefault\u00a0\u00bb header_text_align=\u00a0\u00bbcenter\u00a0\u00bb header_text_color=\u00a0\u00bb#5e91a6&Prime; body_text_align=\u00a0\u00bbcenter\u00a0\u00bb body_text_color=\u00a0\u00bb#1c1c1c\u00a0\u00bb body_line_height=\u00a0\u00bb1.8em\u00a0\u00bb background_color=\u00a0\u00bb#FFFFFF\u00a0\u00bb background_enable_color=\u00a0\u00bbon\u00a0\u00bb custom_button=\u00a0\u00bbon\u00a0\u00bb button_text_color=\u00a0\u00bb#FFFFFF\u00a0\u00bb button_bg_color=\u00a0\u00bb#5e91a6&Prime; button_alignment=\u00a0\u00bbcenter\u00a0\u00bb global_colors_info=\u00a0\u00bb{}\u00a0\u00bb sticky_transition=\u00a0\u00bbon\u00a0\u00bb]<\/p>\n<p>Tout le weekend, un march\u00e9 de producteurs, des stands d&rsquo;artisans, des stands d&rsquo;associations&#8230;<\/p>\n<p>[\/et_pb_slide][et_pb_slide heading=\u00a0\u00bbUn p\u00f4le technique\u00a0\u00bb button_text=\u00a0\u00bbJe prends mon ticket d&rsquo;entr\u00e9e\u00a0\u00bb button_link=\u00a0\u00bbhttps:\/\/www.helloasso.com\/associations\/fete-de-la-bio-normandie\/evenements\/fete-de-la-bio-2024-les-trois-pierres\u00a0\u00bb image=\u00a0\u00bbhttps:\/\/fetedelabio.org\/2024\/wp-content\/uploads\/sites\/2\/2024\/05\/poletechnique.jpg\u00a0\u00bb use_text_overlay=\u00a0\u00bboff\u00a0\u00bb _builder_version=\u00a0\u00bb4.24.0&Prime; _module_preset=\u00a0\u00bbdefault\u00a0\u00bb header_text_align=\u00a0\u00bbcenter\u00a0\u00bb header_text_color=\u00a0\u00bb#79ad78&Prime; body_text_align=\u00a0\u00bbcenter\u00a0\u00bb body_text_color=\u00a0\u00bb#1c1c1c\u00a0\u00bb body_line_height=\u00a0\u00bb1.8em\u00a0\u00bb background_color=\u00a0\u00bb#FFFFFF\u00a0\u00bb background_enable_color=\u00a0\u00bbon\u00a0\u00bb custom_button=\u00a0\u00bbon\u00a0\u00bb button_text_color=\u00a0\u00bb#FFFFFF\u00a0\u00bb button_bg_color=\u00a0\u00bb#79ad78&Prime; button_alignment=\u00a0\u00bbcenter\u00a0\u00bb global_colors_info=\u00a0\u00bb{}\u00a0\u00bb sticky_transition=\u00a0\u00bbon\u00a0\u00bb]<\/p>\n<p>D\u00e9monstration du four solaire, essais de cultures, exposition de mat\u00e9riel de d\u00e9sherbage, animation dressage de chiens de troupeau, visite de la ferme mara\u00eech\u00e8re, fabrication et cuisson du pain, arboriculture, \u00e9levage \u00e0 l&rsquo;herbe, poulailler mobile&#8230;<\/p>\n<p>[\/et_pb_slide][et_pb_slide heading=\u00a0\u00bbSpectacles et musique\u00a0\u00bb button_text=\u00a0\u00bbJe r\u00e9serve ma place de th\u00e9\u00e2tre gratuite \u00a0\u00bb button_link=\u00a0\u00bbhttps:\/\/www.helloasso.com\/associations\/fete-de-la-bio-normandie\/evenements\/theatre-fete-de-la-bio-2024&Prime; image=\u00a0\u00bbhttps:\/\/fetedelabio.org\/2024\/wp-content\/uploads\/sites\/2\/2024\/05\/spectacles.jpg\u00a0\u00bb use_text_overlay=\u00a0\u00bboff\u00a0\u00bb _builder_version=\u00a0\u00bb4.24.0&Prime; _module_preset=\u00a0\u00bbdefault\u00a0\u00bb header_text_align=\u00a0\u00bbcenter\u00a0\u00bb header_text_color=\u00a0\u00bb#deac39&Prime; body_text_align=\u00a0\u00bbcenter\u00a0\u00bb body_text_color=\u00a0\u00bb#1c1c1c\u00a0\u00bb body_line_height=\u00a0\u00bb1.8em\u00a0\u00bb background_color=\u00a0\u00bb#FFFFFF\u00a0\u00bb background_enable_color=\u00a0\u00bbon\u00a0\u00bb custom_button=\u00a0\u00bbon\u00a0\u00bb button_text_color=\u00a0\u00bb#FFFFFF\u00a0\u00bb button_bg_color=\u00a0\u00bb#deac39&Prime; button_alignment=\u00a0\u00bbcenter\u00a0\u00bb global_colors_info=\u00a0\u00bb{}\u00a0\u00bb sticky_transition=\u00a0\u00bbon\u00a0\u00bb]<\/p>\n<p>Th\u00e9\u00e2tre, spectacles \u00e9questres, concerts, bal le samedi soir<\/p>\n<p>[\/et_pb_slide][\/et_pb_slider][\/et_pb_column][\/et_pb_row][\/et_pb_section][et_pb_section fb_built=\u00a0\u00bb1&Prime; next_background_color=\u00a0\u00bb#ffffff\u00a0\u00bb admin_label=\u00a0\u00bbSection\u00a0\u00bb _builder_version=\u00a0\u00bb4.24.0&Prime; _module_preset=\u00a0\u00bbdefault\u00a0\u00bb background_color=\u00a0\u00bb#f9f6f2&Prime; custom_padding=\u00a0\u00bb||150px||false|false\u00a0\u00bb bottom_divider_style=\u00a0\u00bbwave2&Prime; da_disable_devices=\u00a0\u00bboff|off|off\u00a0\u00bb locked=\u00a0\u00bboff\u00a0\u00bb global_colors_info=\u00a0\u00bb{}\u00a0\u00bb da_is_popup=\u00a0\u00bboff\u00a0\u00bb da_exit_intent=\u00a0\u00bboff\u00a0\u00bb da_has_close=\u00a0\u00bbon\u00a0\u00bb da_alt_close=\u00a0\u00bboff\u00a0\u00bb da_dark_close=\u00a0\u00bboff\u00a0\u00bb da_not_modal=\u00a0\u00bbon\u00a0\u00bb da_is_singular=\u00a0\u00bboff\u00a0\u00bb da_with_loader=\u00a0\u00bboff\u00a0\u00bb da_has_shadow=\u00a0\u00bbon\u00a0\u00bb][et_pb_row _builder_version=\u00a0\u00bb4.24.0&Prime; _module_preset=\u00a0\u00bbdefault\u00a0\u00bb custom_padding=\u00a0\u00bb0px||0px||false|false\u00a0\u00bb global_colors_info=\u00a0\u00bb{}\u00a0\u00bb][et_pb_column type=\u00a0\u00bb4_4&Prime; _builder_version=\u00a0\u00bb4.24.0&Prime; _module_preset=\u00a0\u00bbdefault\u00a0\u00bb global_colors_info=\u00a0\u00bb{}\u00a0\u00bb][et_pb_text _builder_version=\u00a0\u00bb4.24.0&Prime; text_font=\u00a0\u00bb||||||||\u00a0\u00bb text_text_color=\u00a0\u00bb#d9c6b8&Prime; text_line_height=\u00a0\u00bb2em\u00a0\u00bb ul_font=\u00a0\u00bb||||||||\u00a0\u00bb ol_font=\u00a0\u00bb||||||||\u00a0\u00bb header_font=\u00a0\u00bb||||||||\u00a0\u00bb header_2_font=\u00a0\u00bbMerriweather|700|||||||\u00a0\u00bb header_2_text_color=\u00a0\u00bb#d9c6b8&Prime; header_2_font_size=\u00a0\u00bb36px\u00a0\u00bb header_2_line_height=\u00a0\u00bb1.6em\u00a0\u00bb header_3_font=\u00a0\u00bb||||||||\u00a0\u00bb header_4_font=\u00a0\u00bb||||||||\u00a0\u00bb header_5_font=\u00a0\u00bb||||||||\u00a0\u00bb header_6_font=\u00a0\u00bb||||||||\u00a0\u00bb text_orientation=\u00a0\u00bbcenter\u00a0\u00bb background_layout=\u00a0\u00bbdark\u00a0\u00bb header_2_font_size_tablet=\u00a0\u00bb\u00a0\u00bb header_2_font_size_phone=\u00a0\u00bb20px\u00a0\u00bb header_2_font_size_last_edited=\u00a0\u00bbon|phone\u00a0\u00bb text_orientation_tablet=\u00a0\u00bbcenter\u00a0\u00bb text_orientation_phone=\u00a0\u00bbcenter\u00a0\u00bb text_orientation_last_edited=\u00a0\u00bbon|phone\u00a0\u00bb text_text_shadow_style=\u00a0\u00bbpreset3&Prime; text_text_shadow_horizontal_length=\u00a0\u00bb0.02em\u00a0\u00bb text_text_shadow_blur_strength=\u00a0\u00bb0.03em\u00a0\u00bb text_text_shadow_color=\u00a0\u00bbrgba(0,0,0,0.84)\u00a0\u00bb header_2_text_shadow_style=\u00a0\u00bbpreset3&Prime; header_2_text_shadow_horizontal_length=\u00a0\u00bb0.01em\u00a0\u00bb header_2_text_shadow_vertical_length=\u00a0\u00bb0.02em\u00a0\u00bb header_2_text_shadow_blur_strength=\u00a0\u00bb0em\u00a0\u00bb header_2_text_shadow_color=\u00a0\u00bbrgba(0,0,0,0.57)\u00a0\u00bb locked=\u00a0\u00bboff\u00a0\u00bb global_colors_info=\u00a0\u00bb{}\u00a0\u00bb]<\/p>\n<h2>Pour rien au monde je ne raterais cet \u00e9v\u00e9nement !<\/h2>\n<p>[\/et_pb_text][et_pb_text _builder_version=\u00a0\u00bb4.24.0&Prime; _module_preset=\u00a0\u00bbdefault\u00a0\u00bb text_font=\u00a0\u00bbNanum Brush Script||||||||\u00a0\u00bb text_text_color=\u00a0\u00bb#8fc58d\u00a0\u00bb text_font_size=\u00a0\u00bb60px\u00a0\u00bb text_orientation=\u00a0\u00bbcenter\u00a0\u00bb custom_padding=\u00a0\u00bb||30px||false|false\u00a0\u00bb text_font_size_tablet=\u00a0\u00bb71px\u00a0\u00bb text_font_size_phone=\u00a0\u00bb62px\u00a0\u00bb text_font_size_last_edited=\u00a0\u00bbon|tablet\u00a0\u00bb text_orientation_tablet=\u00a0\u00bbcenter\u00a0\u00bb text_orientation_phone=\u00a0\u00bbcenter\u00a0\u00bb text_orientation_last_edited=\u00a0\u00bbon|tablet\u00a0\u00bb locked=\u00a0\u00bboff\u00a0\u00bb global_colors_info=\u00a0\u00bb{}\u00a0\u00bb]<\/p>\n<p>Je m&rsquo;inscris !<\/p>\n<p>[\/et_pb_text][\/et_pb_column][\/et_pb_row][et_pb_row column_structure=\u00a0\u00bb1_4,1_4,1_4,1_4&Prime; _builder_version=\u00a0\u00bb4.24.0&Prime; _module_preset=\u00a0\u00bbdefault\u00a0\u00bb global_colors_info=\u00a0\u00bb{}\u00a0\u00bb][et_pb_column type=\u00a0\u00bb1_4&Prime; _builder_version=\u00a0\u00bb4.24.0&Prime; _module_preset=\u00a0\u00bbdefault\u00a0\u00bb global_colors_info=\u00a0\u00bb{}\u00a0\u00bb][et_pb_button button_url=\u00a0\u00bbhttps:\/\/fetedelabio.org\/2024\/exposants\/\u00a0\u00bb button_text=\u00a0\u00bbEXPOSANT\u00a0\u00bb button_alignment_tablet=\u00a0\u00bbcenter\u00a0\u00bb button_alignment_phone=\u00a0\u00bbcenter\u00a0\u00bb button_alignment_last_edited=\u00a0\u00bbon|phone\u00a0\u00bb _builder_version=\u00a0\u00bb4.24.0&Prime; custom_button=\u00a0\u00bbon\u00a0\u00bb button_text_size=\u00a0\u00bb20px\u00a0\u00bb button_text_color=\u00a0\u00bb#ffffff\u00a0\u00bb button_bg_color=\u00a0\u00bb#8fc58d\u00a0\u00bb button_border_width=\u00a0\u00bb0px\u00a0\u00bb button_border_color=\u00a0\u00bbrgba(0,0,0,0)\u00a0\u00bb button_border_radius=\u00a0\u00bb100px\u00a0\u00bb button_letter_spacing=\u00a0\u00bb2px\u00a0\u00bb button_font=\u00a0\u00bbMontserrat|500||on|||||\u00a0\u00bb button_use_icon=\u00a0\u00bboff\u00a0\u00bb custom_padding=\u00a0\u00bb16px|30px|16px|30px|true|true\u00a0\u00bb custom_css_main_element=\u00a0\u00bbwidth: 100%;||text-align : center;||\u00a0\u00bb button_letter_spacing_hover=\u00a0\u00bb2px\u00a0\u00bb locked=\u00a0\u00bboff\u00a0\u00bb global_colors_info=\u00a0\u00bb{}\u00a0\u00bb button_text_size__hover_enabled=\u00a0\u00bboff\u00a0\u00bb button_one_text_size__hover_enabled=\u00a0\u00bboff\u00a0\u00bb button_two_text_size__hover_enabled=\u00a0\u00bboff\u00a0\u00bb button_text_color__hover_enabled=\u00a0\u00bboff\u00a0\u00bb button_one_text_color__hover_enabled=\u00a0\u00bboff\u00a0\u00bb button_two_text_color__hover_enabled=\u00a0\u00bboff\u00a0\u00bb button_border_width__hover_enabled=\u00a0\u00bboff\u00a0\u00bb button_one_border_width__hover_enabled=\u00a0\u00bboff\u00a0\u00bb button_two_border_width__hover_enabled=\u00a0\u00bboff\u00a0\u00bb button_border_color__hover_enabled=\u00a0\u00bboff\u00a0\u00bb button_one_border_color__hover_enabled=\u00a0\u00bboff\u00a0\u00bb button_two_border_color__hover_enabled=\u00a0\u00bboff\u00a0\u00bb button_border_radius__hover_enabled=\u00a0\u00bboff\u00a0\u00bb button_one_border_radius__hover_enabled=\u00a0\u00bboff\u00a0\u00bb button_two_border_radius__hover_enabled=\u00a0\u00bboff\u00a0\u00bb button_letter_spacing__hover_enabled=\u00a0\u00bbon\u00a0\u00bb button_letter_spacing__hover=\u00a0\u00bb2px\u00a0\u00bb button_one_letter_spacing__hover_enabled=\u00a0\u00bboff\u00a0\u00bb button_two_letter_spacing__hover_enabled=\u00a0\u00bboff\u00a0\u00bb button_bg_color__hover_enabled=\u00a0\u00bboff\u00a0\u00bb button_one_bg_color__hover_enabled=\u00a0\u00bboff\u00a0\u00bb button_two_bg_color__hover_enabled=\u00a0\u00bboff\u00a0\u00bb custom_css_main_element_last_edited=\u00a0\u00bbon|phone\u00a0\u00bb custom_css_main_element_phone=\u00a0\u00bbwidth : 100%;\u00a0\u00bb custom_css_main_element_tablet=\u00a0\u00bbwidth: 100%;||text-align : center;||\u00a0\u00bb][\/et_pb_button][\/et_pb_column][et_pb_column type=\u00a0\u00bb1_4&Prime; _builder_version=\u00a0\u00bb4.24.0&Prime; _module_preset=\u00a0\u00bbdefault\u00a0\u00bb global_colors_info=\u00a0\u00bb{}\u00a0\u00bb][et_pb_button button_url=\u00a0\u00bbhttps:\/\/fetedelabio.org\/2024\/partenaires\/\u00a0\u00bb button_text=\u00a0\u00bbpartenaire\u00a0\u00bb button_alignment_tablet=\u00a0\u00bbcenter\u00a0\u00bb button_alignment_phone=\u00a0\u00bbcenter\u00a0\u00bb button_alignment_last_edited=\u00a0\u00bbon|phone\u00a0\u00bb _builder_version=\u00a0\u00bb4.24.0&Prime; custom_button=\u00a0\u00bbon\u00a0\u00bb button_text_size=\u00a0\u00bb20px\u00a0\u00bb button_text_color=\u00a0\u00bb#ffffff\u00a0\u00bb button_bg_color=\u00a0\u00bb#8fc58d\u00a0\u00bb button_border_width=\u00a0\u00bb0px\u00a0\u00bb button_border_color=\u00a0\u00bbrgba(0,0,0,0)\u00a0\u00bb button_border_radius=\u00a0\u00bb100px\u00a0\u00bb button_letter_spacing=\u00a0\u00bb2px\u00a0\u00bb button_font=\u00a0\u00bbMontserrat|500||on|||||\u00a0\u00bb button_use_icon=\u00a0\u00bboff\u00a0\u00bb custom_padding=\u00a0\u00bb16px|30px|16px|30px|true|true\u00a0\u00bb custom_css_main_element=\u00a0\u00bbwidth: 100%;||text-align : center;||\u00a0\u00bb button_letter_spacing_hover=\u00a0\u00bb2px\u00a0\u00bb locked=\u00a0\u00bboff\u00a0\u00bb global_colors_info=\u00a0\u00bb{}\u00a0\u00bb button_text_size__hover_enabled=\u00a0\u00bboff\u00a0\u00bb button_one_text_size__hover_enabled=\u00a0\u00bboff\u00a0\u00bb button_two_text_size__hover_enabled=\u00a0\u00bboff\u00a0\u00bb button_text_color__hover_enabled=\u00a0\u00bboff\u00a0\u00bb button_one_text_color__hover_enabled=\u00a0\u00bboff\u00a0\u00bb button_two_text_color__hover_enabled=\u00a0\u00bboff\u00a0\u00bb button_border_width__hover_enabled=\u00a0\u00bboff\u00a0\u00bb button_one_border_width__hover_enabled=\u00a0\u00bboff\u00a0\u00bb button_two_border_width__hover_enabled=\u00a0\u00bboff\u00a0\u00bb button_border_color__hover_enabled=\u00a0\u00bboff\u00a0\u00bb button_one_border_color__hover_enabled=\u00a0\u00bboff\u00a0\u00bb button_two_border_color__hover_enabled=\u00a0\u00bboff\u00a0\u00bb button_border_radius__hover_enabled=\u00a0\u00bboff\u00a0\u00bb button_one_border_radius__hover_enabled=\u00a0\u00bboff\u00a0\u00bb button_two_border_radius__hover_enabled=\u00a0\u00bboff\u00a0\u00bb button_letter_spacing__hover_enabled=\u00a0\u00bbon\u00a0\u00bb button_letter_spacing__hover=\u00a0\u00bb2px\u00a0\u00bb button_one_letter_spacing__hover_enabled=\u00a0\u00bboff\u00a0\u00bb button_two_letter_spacing__hover_enabled=\u00a0\u00bboff\u00a0\u00bb button_bg_color__hover_enabled=\u00a0\u00bboff\u00a0\u00bb button_one_bg_color__hover_enabled=\u00a0\u00bboff\u00a0\u00bb button_two_bg_color__hover_enabled=\u00a0\u00bboff\u00a0\u00bb custom_css_main_element_last_edited=\u00a0\u00bbon|tablet\u00a0\u00bb custom_css_main_element_tablet=\u00a0\u00bbwidth: 100%;||text-align : center;||\u00a0\u00bb custom_css_main_element_phone=\u00a0\u00bbwidth: 100%;||text-align : center;||\u00a0\u00bb][\/et_pb_button][\/et_pb_column][et_pb_column type=\u00a0\u00bb1_4&Prime; _builder_version=\u00a0\u00bb4.24.0&Prime; _module_preset=\u00a0\u00bbdefault\u00a0\u00bb global_colors_info=\u00a0\u00bb{}\u00a0\u00bb][et_pb_button button_url=\u00a0\u00bbhttps:\/\/fetedelabio.org\/2024\/benevoles\/\u00a0\u00bb button_text=\u00a0\u00bbB\u00e9n\u00e9vole\u00a0\u00bb button_alignment_tablet=\u00a0\u00bbcenter\u00a0\u00bb button_alignment_phone=\u00a0\u00bbcenter\u00a0\u00bb button_alignment_last_edited=\u00a0\u00bbon|phone\u00a0\u00bb _builder_version=\u00a0\u00bb4.24.0&Prime; custom_button=\u00a0\u00bbon\u00a0\u00bb button_text_size=\u00a0\u00bb20px\u00a0\u00bb button_text_color=\u00a0\u00bb#ffffff\u00a0\u00bb button_bg_color=\u00a0\u00bb#8fc58d\u00a0\u00bb button_border_width=\u00a0\u00bb0px\u00a0\u00bb button_border_color=\u00a0\u00bbrgba(0,0,0,0)\u00a0\u00bb button_border_radius=\u00a0\u00bb100px\u00a0\u00bb button_letter_spacing=\u00a0\u00bb2px\u00a0\u00bb button_font=\u00a0\u00bbMontserrat|500||on|||||\u00a0\u00bb button_use_icon=\u00a0\u00bboff\u00a0\u00bb custom_padding=\u00a0\u00bb16px|30px|16px|30px|true|true\u00a0\u00bb custom_css_main_element=\u00a0\u00bbwidth: 100%;||text-align : center;||\u00a0\u00bb button_letter_spacing_hover=\u00a0\u00bb2px\u00a0\u00bb locked=\u00a0\u00bboff\u00a0\u00bb global_colors_info=\u00a0\u00bb{}\u00a0\u00bb button_text_size__hover_enabled=\u00a0\u00bboff\u00a0\u00bb button_one_text_size__hover_enabled=\u00a0\u00bboff\u00a0\u00bb button_two_text_size__hover_enabled=\u00a0\u00bboff\u00a0\u00bb button_text_color__hover_enabled=\u00a0\u00bboff\u00a0\u00bb button_one_text_color__hover_enabled=\u00a0\u00bboff\u00a0\u00bb button_two_text_color__hover_enabled=\u00a0\u00bboff\u00a0\u00bb button_border_width__hover_enabled=\u00a0\u00bboff\u00a0\u00bb button_one_border_width__hover_enabled=\u00a0\u00bboff\u00a0\u00bb button_two_border_width__hover_enabled=\u00a0\u00bboff\u00a0\u00bb button_border_color__hover_enabled=\u00a0\u00bboff\u00a0\u00bb button_one_border_color__hover_enabled=\u00a0\u00bboff\u00a0\u00bb button_two_border_color__hover_enabled=\u00a0\u00bboff\u00a0\u00bb button_border_radius__hover_enabled=\u00a0\u00bboff\u00a0\u00bb button_one_border_radius__hover_enabled=\u00a0\u00bboff\u00a0\u00bb button_two_border_radius__hover_enabled=\u00a0\u00bboff\u00a0\u00bb button_letter_spacing__hover_enabled=\u00a0\u00bbon\u00a0\u00bb button_letter_spacing__hover=\u00a0\u00bb2px\u00a0\u00bb button_one_letter_spacing__hover_enabled=\u00a0\u00bboff\u00a0\u00bb button_two_letter_spacing__hover_enabled=\u00a0\u00bboff\u00a0\u00bb button_bg_color__hover_enabled=\u00a0\u00bboff\u00a0\u00bb button_one_bg_color__hover_enabled=\u00a0\u00bboff\u00a0\u00bb button_two_bg_color__hover_enabled=\u00a0\u00bboff\u00a0\u00bb custom_css_main_element_last_edited=\u00a0\u00bboff|desktop\u00a0\u00bb custom_css_main_element_phone=\u00a0\u00bbwidth: 250px;\u00a0\u00bb custom_css_main_element_tablet=\u00a0\u00bb||\u00a0\u00bb][\/et_pb_button][\/et_pb_column][et_pb_column type=\u00a0\u00bb1_4&Prime; _builder_version=\u00a0\u00bb4.24.0&Prime; _module_preset=\u00a0\u00bbdefault\u00a0\u00bb global_colors_info=\u00a0\u00bb{}\u00a0\u00bb][et_pb_button button_url=\u00a0\u00bbhttps:\/\/fetedelabio.org\/2024\/visiteurs\/\u00a0\u00bb button_text=\u00a0\u00bbvisiteur\u00a0\u00bb button_alignment_tablet=\u00a0\u00bbcenter\u00a0\u00bb button_alignment_phone=\u00a0\u00bbcenter\u00a0\u00bb button_alignment_last_edited=\u00a0\u00bbon|phone\u00a0\u00bb _builder_version=\u00a0\u00bb4.24.0&Prime; custom_button=\u00a0\u00bbon\u00a0\u00bb button_text_size=\u00a0\u00bb20px\u00a0\u00bb button_text_color=\u00a0\u00bb#ffffff\u00a0\u00bb button_bg_color=\u00a0\u00bb#8fc58d\u00a0\u00bb button_border_width=\u00a0\u00bb0px\u00a0\u00bb button_border_color=\u00a0\u00bbrgba(0,0,0,0)\u00a0\u00bb button_border_radius=\u00a0\u00bb100px\u00a0\u00bb button_letter_spacing=\u00a0\u00bb2px\u00a0\u00bb button_font=\u00a0\u00bbMontserrat|500||on|||||\u00a0\u00bb button_use_icon=\u00a0\u00bboff\u00a0\u00bb custom_padding=\u00a0\u00bb16px|30px|16px|30px|true|true\u00a0\u00bb custom_css_main_element=\u00a0\u00bbwidth: 100%;||text-align : center;||\u00a0\u00bb button_letter_spacing_hover=\u00a0\u00bb2px\u00a0\u00bb locked=\u00a0\u00bboff\u00a0\u00bb global_colors_info=\u00a0\u00bb{}\u00a0\u00bb button_text_size__hover_enabled=\u00a0\u00bboff\u00a0\u00bb button_one_text_size__hover_enabled=\u00a0\u00bboff\u00a0\u00bb button_two_text_size__hover_enabled=\u00a0\u00bboff\u00a0\u00bb button_text_color__hover_enabled=\u00a0\u00bboff\u00a0\u00bb button_one_text_color__hover_enabled=\u00a0\u00bboff\u00a0\u00bb button_two_text_color__hover_enabled=\u00a0\u00bboff\u00a0\u00bb button_border_width__hover_enabled=\u00a0\u00bboff\u00a0\u00bb button_one_border_width__hover_enabled=\u00a0\u00bboff\u00a0\u00bb button_two_border_width__hover_enabled=\u00a0\u00bboff\u00a0\u00bb button_border_color__hover_enabled=\u00a0\u00bboff\u00a0\u00bb button_one_border_color__hover_enabled=\u00a0\u00bboff\u00a0\u00bb button_two_border_color__hover_enabled=\u00a0\u00bboff\u00a0\u00bb button_border_radius__hover_enabled=\u00a0\u00bboff\u00a0\u00bb button_one_border_radius__hover_enabled=\u00a0\u00bboff\u00a0\u00bb button_two_border_radius__hover_enabled=\u00a0\u00bboff\u00a0\u00bb button_letter_spacing__hover_enabled=\u00a0\u00bbon\u00a0\u00bb button_letter_spacing__hover=\u00a0\u00bb2px\u00a0\u00bb button_one_letter_spacing__hover_enabled=\u00a0\u00bboff\u00a0\u00bb button_two_letter_spacing__hover_enabled=\u00a0\u00bboff\u00a0\u00bb button_bg_color__hover_enabled=\u00a0\u00bboff\u00a0\u00bb button_one_bg_color__hover_enabled=\u00a0\u00bboff\u00a0\u00bb button_two_bg_color__hover_enabled=\u00a0\u00bboff\u00a0\u00bb custom_css_main_element_last_edited=\u00a0\u00bboff|desktop\u00a0\u00bb custom_css_main_element_tablet=\u00a0\u00bb||\u00a0\u00bb][\/et_pb_button][\/et_pb_column][\/et_pb_row][\/et_pb_section][et_pb_section fb_built=\u00a0\u00bb1&Prime; admin_label=\u00a0\u00bbSection\u00a0\u00bb _builder_version=\u00a0\u00bb4.24.0&Prime; _module_preset=\u00a0\u00bbdefault\u00a0\u00bb custom_padding=\u00a0\u00bb||100px||false|false\u00a0\u00bb bottom_divider_style=\u00a0\u00bbarrow2&Prime; bottom_divider_color=\u00a0\u00bb#449b42&Prime; da_disable_devices=\u00a0\u00bboff|off|off\u00a0\u00bb global_colors_info=\u00a0\u00bb{}\u00a0\u00bb da_is_popup=\u00a0\u00bboff\u00a0\u00bb da_exit_intent=\u00a0\u00bboff\u00a0\u00bb da_has_close=\u00a0\u00bbon\u00a0\u00bb da_alt_close=\u00a0\u00bboff\u00a0\u00bb da_dark_close=\u00a0\u00bboff\u00a0\u00bb da_not_modal=\u00a0\u00bbon\u00a0\u00bb da_is_singular=\u00a0\u00bboff\u00a0\u00bb da_with_loader=\u00a0\u00bboff\u00a0\u00bb da_has_shadow=\u00a0\u00bbon\u00a0\u00bb][et_pb_row _builder_version=\u00a0\u00bb4.24.0&Prime; _module_preset=\u00a0\u00bbdefault\u00a0\u00bb background_enable_image=\u00a0\u00bboff\u00a0\u00bb width_tablet=\u00a0\u00bb90%\u00a0\u00bb width_phone=\u00a0\u00bb90%\u00a0\u00bb width_last_edited=\u00a0\u00bbon|tablet\u00a0\u00bb min_height=\u00a0\u00bb40px\u00a0\u00bb custom_margin=\u00a0\u00bb||0px||false|false\u00a0\u00bb custom_padding=\u00a0\u00bb10px|10px|10px|10px|false|false\u00a0\u00bb global_colors_info=\u00a0\u00bb{}\u00a0\u00bb][et_pb_column type=\u00a0\u00bb4_4&Prime; _builder_version=\u00a0\u00bb4.24.0&Prime; _module_preset=\u00a0\u00bbdefault\u00a0\u00bb global_colors_info=\u00a0\u00bb{}\u00a0\u00bb][et_pb_text _builder_version=\u00a0\u00bb4.24.0&Prime; text_font=\u00a0\u00bbNanum Gothic||||||||\u00a0\u00bb text_font_size=\u00a0\u00bb33px\u00a0\u00bb text_line_height=\u00a0\u00bb2em\u00a0\u00bb header_font=\u00a0\u00bb||||||||\u00a0\u00bb header_3_font=\u00a0\u00bbGrape Nuts|700|||||||\u00a0\u00bb header_3_text_color=\u00a0\u00bb#7c7c7c\u00a0\u00bb header_3_font_size=\u00a0\u00bb45px\u00a0\u00bb header_3_line_height=\u00a0\u00bb1.6em\u00a0\u00bb header_4_font=\u00a0\u00bbMerriweather|700|||||||\u00a0\u00bb header_4_text_color=\u00a0\u00bb#15c39a\u00a0\u00bb header_4_font_size=\u00a0\u00bb32px\u00a0\u00bb header_4_line_height=\u00a0\u00bb1.8em\u00a0\u00bb background_color=\u00a0\u00bbRGBA(255,255,255,0)\u00a0\u00bb text_orientation=\u00a0\u00bbcenter\u00a0\u00bb module_alignment=\u00a0\u00bbcenter\u00a0\u00bb custom_margin=\u00a0\u00bb50px||||false|false\u00a0\u00bb custom_padding=\u00a0\u00bb||||false|false\u00a0\u00bb text_font_size_tablet=\u00a0\u00bb33px\u00a0\u00bb text_font_size_phone=\u00a0\u00bb3em\u00a0\u00bb text_font_size_last_edited=\u00a0\u00bbon|phone\u00a0\u00bb header_3_font_size_tablet=\u00a0\u00bb\u00a0\u00bb header_3_font_size_phone=\u00a0\u00bb30px\u00a0\u00bb header_3_font_size_last_edited=\u00a0\u00bbon|desktop\u00a0\u00bb header_4_font_size_tablet=\u00a0\u00bb\u00a0\u00bb header_4_font_size_phone=\u00a0\u00bb14px\u00a0\u00bb header_4_font_size_last_edited=\u00a0\u00bbon|phone\u00a0\u00bb locked=\u00a0\u00bboff\u00a0\u00bb global_colors_info=\u00a0\u00bb{}\u00a0\u00bb]<\/p>\n<h3>Cette ann\u00e9e, \u00e7a se passe pour la premi\u00e8re fois en Seine Maritime<\/h3>\n<p>[\/et_pb_text][et_pb_text _builder_version=\u00a0\u00bb4.24.0&Prime; text_font=\u00a0\u00bb||||||||\u00a0\u00bb text_font_size=\u00a0\u00bb33px\u00a0\u00bb text_line_height=\u00a0\u00bb2em\u00a0\u00bb header_font=\u00a0\u00bb||||||||\u00a0\u00bb header_text_color=\u00a0\u00bb#d9c6b8&Prime; header_3_font=\u00a0\u00bbMerriweather|700|||||||\u00a0\u00bb header_3_font_size=\u00a0\u00bb30px\u00a0\u00bb header_3_line_height=\u00a0\u00bb1.6em\u00a0\u00bb header_4_font=\u00a0\u00bbMerriweather|700|||||||\u00a0\u00bb header_4_text_color=\u00a0\u00bb#d9c6b8&Prime; header_4_font_size=\u00a0\u00bb32px\u00a0\u00bb header_4_line_height=\u00a0\u00bb1.8em\u00a0\u00bb background_color=\u00a0\u00bbRGBA(255,255,255,0)\u00a0\u00bb text_orientation=\u00a0\u00bbcenter\u00a0\u00bb max_width=\u00a0\u00bb700px\u00a0\u00bb module_alignment=\u00a0\u00bbcenter\u00a0\u00bb custom_margin=\u00a0\u00bb||||false|false\u00a0\u00bb custom_padding=\u00a0\u00bb||||false|false\u00a0\u00bb header_3_font_size_tablet=\u00a0\u00bb\u00a0\u00bb header_3_font_size_phone=\u00a0\u00bb16px\u00a0\u00bb header_3_font_size_last_edited=\u00a0\u00bbon|desktop\u00a0\u00bb header_4_font_size_tablet=\u00a0\u00bb\u00a0\u00bb header_4_font_size_phone=\u00a0\u00bb25px\u00a0\u00bb header_4_font_size_last_edited=\u00a0\u00bbon|phone\u00a0\u00bb locked=\u00a0\u00bboff\u00a0\u00bb global_colors_info=\u00a0\u00bb{}\u00a0\u00bb]<\/p>\n<h4>Samedi 25 &#8211; 14h00 \u00e0 00h00<\/h4>\n<h4>Dimanche 26 mai 2024 &#8211; 10h00 \u00e0 18h30<\/h4>\n<p>[\/et_pb_text][\/et_pb_column][\/et_pb_row][et_pb_row column_structure=\u00a0\u00bb2_5,3_5&Prime; use_custom_gutter=\u00a0\u00bbon\u00a0\u00bb gutter_width=\u00a0\u00bb2&Prime; make_equal=\u00a0\u00bbon\u00a0\u00bb _builder_version=\u00a0\u00bb4.24.0&Prime; _module_preset=\u00a0\u00bbdefault\u00a0\u00bb width_tablet=\u00a0\u00bb90%\u00a0\u00bb width_phone=\u00a0\u00bb90%\u00a0\u00bb width_last_edited=\u00a0\u00bbon|phone\u00a0\u00bb custom_css_main_element=\u00a0\u00bbalign-items: center;\u00a0\u00bb global_colors_info=\u00a0\u00bb{}\u00a0\u00bb][et_pb_column type=\u00a0\u00bb2_5&Prime; _builder_version=\u00a0\u00bb4.24.0&Prime; _module_preset=\u00a0\u00bbdefault\u00a0\u00bb global_colors_info=\u00a0\u00bb{}\u00a0\u00bb][et_pb_image src=\u00a0\u00bbhttps:\/\/fetedelabio.org\/2024\/wp-content\/uploads\/sites\/2\/2024\/01\/logo-le-pnier-des-trois-pierres.png\u00a0\u00bb title_text=\u00a0\u00bblogo-le-pnier-des-trois-pierres\u00a0\u00bb align=\u00a0\u00bbright\u00a0\u00bb align_tablet=\u00a0\u00bbcenter\u00a0\u00bb align_phone=\u00a0\u00bbcenter\u00a0\u00bb align_last_edited=\u00a0\u00bbon|phone\u00a0\u00bb _builder_version=\u00a0\u00bb4.24.0&Prime; _module_preset=\u00a0\u00bbdefault\u00a0\u00bb global_colors_info=\u00a0\u00bb{}\u00a0\u00bb][\/et_pb_image][\/et_pb_column][et_pb_column type=\u00a0\u00bb3_5&Prime; _builder_version=\u00a0\u00bb4.24.0&Prime; _module_preset=\u00a0\u00bbdefault\u00a0\u00bb global_colors_info=\u00a0\u00bb{}\u00a0\u00bb][et_pb_text _builder_version=\u00a0\u00bb4.24.0&Prime; _module_preset=\u00a0\u00bbdefault\u00a0\u00bb text_font=\u00a0\u00bb||||||||\u00a0\u00bb text_font_size=\u00a0\u00bb30px\u00a0\u00bb text_line_height=\u00a0\u00bb1.8em\u00a0\u00bb header_3_text_color=\u00a0\u00bb#d9c6b8&Prime; header_3_font_size=\u00a0\u00bb30px\u00a0\u00bb header_3_line_height_tablet=\u00a0\u00bb\u00a0\u00bb header_3_line_height_phone=\u00a0\u00bb1.5em\u00a0\u00bb header_3_line_height_last_edited=\u00a0\u00bbon|phone\u00a0\u00bb text_orientation_tablet=\u00a0\u00bbcenter\u00a0\u00bb text_orientation_phone=\u00a0\u00bbcenter\u00a0\u00bb text_orientation_last_edited=\u00a0\u00bbon|phone\u00a0\u00bb global_colors_info=\u00a0\u00bb{}\u00a0\u00bb]<\/p>\n<h3 class=\"et_pb_module_header\"><span>Au Panier des Trois Pierres<\/span><\/h3>\n<div class=\"et_pb_blurb_description\">\n<p><span>Chemin Rural 9<br \/><\/span><span>76430 Les Trois Pierres<\/span><\/p>\n<\/div>\n<p>[\/et_pb_text][\/et_pb_column][\/et_pb_row][et_pb_row _builder_version=\u00a0\u00bb4.24.0&Prime; _module_preset=\u00a0\u00bbdefault\u00a0\u00bb global_colors_info=\u00a0\u00bb{}\u00a0\u00bb][et_pb_column type=\u00a0\u00bb4_4&Prime; _builder_version=\u00a0\u00bb4.24.0&Prime; _module_preset=\u00a0\u00bbdefault\u00a0\u00bb global_colors_info=\u00a0\u00bb{}\u00a0\u00bb][et_pb_code module_id=\u00a0\u00bbprogramme-2024&Prime; _builder_version=\u00a0\u00bb4.24.0&Prime; _module_preset=\u00a0\u00bbdefault\u00a0\u00bb border_radii=\u00a0\u00bbon|15px|15px|15px|15px\u00a0\u00bb global_colors_info=\u00a0\u00bb{}\u00a0\u00bb]<iframe loading=\"lazy\" width=\"100%\" height=\"500px\" frameborder=\"0\" allowfullscreen allow=\"geolocation\" src=\"\/\/umap.openstreetmap.fr\/fr\/map\/le-panier-des-trois-pierres_1016857?scaleControl=false&#038;miniMap=false&#038;scrollWheelZoom=false&#038;zoomControl=true&#038;editMode=disabled&#038;moreControl=false&#038;searchControl=null&#038;tilelayersControl=null&#038;embedControl=null&#038;datalayersControl=false&#038;onLoadPanel=undefined&#038;captionBar=false&#038;captionMenus=false\"><\/iframe>[\/et_pb_code][\/et_pb_column][\/et_pb_row][\/et_pb_section][et_pb_section fb_built=\u00a0\u00bb1&Prime; admin_label=\u00a0\u00bbSection\u00a0\u00bb _builder_version=\u00a0\u00bb4.24.0&Prime; _module_preset=\u00a0\u00bbdefault\u00a0\u00bb custom_margin=\u00a0\u00bb50px||||false|false\u00a0\u00bb custom_padding=\u00a0\u00bb0px||0px||false|false\u00a0\u00bb da_disable_devices=\u00a0\u00bboff|off|off\u00a0\u00bb global_colors_info=\u00a0\u00bb{}\u00a0\u00bb da_is_popup=\u00a0\u00bboff\u00a0\u00bb da_exit_intent=\u00a0\u00bboff\u00a0\u00bb da_has_close=\u00a0\u00bbon\u00a0\u00bb da_alt_close=\u00a0\u00bboff\u00a0\u00bb da_dark_close=\u00a0\u00bboff\u00a0\u00bb da_not_modal=\u00a0\u00bbon\u00a0\u00bb da_is_singular=\u00a0\u00bboff\u00a0\u00bb da_with_loader=\u00a0\u00bboff\u00a0\u00bb da_has_shadow=\u00a0\u00bbon\u00a0\u00bb][et_pb_row _builder_version=\u00a0\u00bb4.24.0&Prime; _module_preset=\u00a0\u00bbdefault\u00a0\u00bb global_colors_info=\u00a0\u00bb{}\u00a0\u00bb][et_pb_column type=\u00a0\u00bb4_4&Prime; _builder_version=\u00a0\u00bb4.24.0&Prime; _module_preset=\u00a0\u00bbdefault\u00a0\u00bb global_colors_info=\u00a0\u00bb{}\u00a0\u00bb][et_pb_text _builder_version=\u00a0\u00bb4.24.0&Prime; text_font=\u00a0\u00bb||||||||\u00a0\u00bb text_font_size=\u00a0\u00bb33px\u00a0\u00bb text_line_height=\u00a0\u00bb2em\u00a0\u00bb header_font=\u00a0\u00bb||||||||\u00a0\u00bb header_text_color=\u00a0\u00bb#d9c6b8&Prime; header_3_font=\u00a0\u00bbMerriweather|700|||||||\u00a0\u00bb header_3_font_size=\u00a0\u00bb30px\u00a0\u00bb header_3_line_height=\u00a0\u00bb1.6em\u00a0\u00bb header_4_font=\u00a0\u00bbMerriweather|700|||||||\u00a0\u00bb header_4_text_color=\u00a0\u00bb#d9c6b8&Prime; header_4_font_size=\u00a0\u00bb32px\u00a0\u00bb header_4_line_height=\u00a0\u00bb1.8em\u00a0\u00bb background_color=\u00a0\u00bbRGBA(255,255,255,0)\u00a0\u00bb text_orientation=\u00a0\u00bbcenter\u00a0\u00bb max_width=\u00a0\u00bb700px\u00a0\u00bb module_alignment=\u00a0\u00bbcenter\u00a0\u00bb custom_margin=\u00a0\u00bb||||false|false\u00a0\u00bb custom_padding=\u00a0\u00bb||||false|false\u00a0\u00bb header_3_font_size_tablet=\u00a0\u00bb\u00a0\u00bb header_3_font_size_phone=\u00a0\u00bb16px\u00a0\u00bb header_3_font_size_last_edited=\u00a0\u00bbon|desktop\u00a0\u00bb header_4_font_size_tablet=\u00a0\u00bb\u00a0\u00bb header_4_font_size_phone=\u00a0\u00bb25px\u00a0\u00bb header_4_font_size_last_edited=\u00a0\u00bbon|phone\u00a0\u00bb locked=\u00a0\u00bboff\u00a0\u00bb global_colors_info=\u00a0\u00bb{}\u00a0\u00bb]<\/p>\n<h4>PROGRAMME<\/h4>\n<p>[\/et_pb_text][\/et_pb_column][\/et_pb_row][et_pb_row column_structure=\u00a0\u00bb1_3,1_3,1_3&Prime; _builder_version=\u00a0\u00bb4.24.0&Prime; _module_preset=\u00a0\u00bbdefault\u00a0\u00bb global_colors_info=\u00a0\u00bb{}\u00a0\u00bb][et_pb_column type=\u00a0\u00bb1_3&Prime; _builder_version=\u00a0\u00bb4.24.0&Prime; _module_preset=\u00a0\u00bbdefault\u00a0\u00bb global_colors_info=\u00a0\u00bb{}\u00a0\u00bb][et_pb_image src=\u00a0\u00bbhttps:\/\/fetedelabio.org\/2024\/wp-content\/uploads\/sites\/2\/2024\/03\/programme-fete-de-la-bio-2024-p1_v4_.jpg\u00a0\u00bb title_text=\u00a0\u00bbprogramme-fete-de-la-bio-2024-p1_v4_\u00a0\u00bb align=\u00a0\u00bbcenter\u00a0\u00bb _builder_version=\u00a0\u00bb4.24.0&Prime; _module_preset=\u00a0\u00bbdefault\u00a0\u00bb box_shadow_style=\u00a0\u00bbpreset1&Prime; global_colors_info=\u00a0\u00bb{}\u00a0\u00bb][\/et_pb_image][\/et_pb_column][et_pb_column type=\u00a0\u00bb1_3&Prime; _builder_version=\u00a0\u00bb4.24.0&Prime; _module_preset=\u00a0\u00bbdefault\u00a0\u00bb global_colors_info=\u00a0\u00bb{}\u00a0\u00bb][et_pb_image src=\u00a0\u00bbhttps:\/\/fetedelabio.org\/2024\/wp-content\/uploads\/sites\/2\/2024\/03\/programme-fete-de-la-bio-2024-p2_v4.jpg\u00a0\u00bb title_text=\u00a0\u00bbprogramme-fete-de-la-bio-2024-p2_v4&Prime; align=\u00a0\u00bbcenter\u00a0\u00bb _builder_version=\u00a0\u00bb4.24.0&Prime; _module_preset=\u00a0\u00bbdefault\u00a0\u00bb box_shadow_style=\u00a0\u00bbpreset1&Prime; global_colors_info=\u00a0\u00bb{}\u00a0\u00bb][\/et_pb_image][\/et_pb_column][et_pb_column type=\u00a0\u00bb1_3&Prime; _builder_version=\u00a0\u00bb4.24.0&Prime; _module_preset=\u00a0\u00bbdefault\u00a0\u00bb global_colors_info=\u00a0\u00bb{}\u00a0\u00bb][et_pb_image src=\u00a0\u00bbhttps:\/\/fetedelabio.org\/2024\/wp-content\/uploads\/sites\/2\/2024\/03\/programme-fete-de-la-bio-2024-p3_v4.jpg\u00a0\u00bb title_text=\u00a0\u00bbprogramme-fete-de-la-bio-2024-p3_v4&Prime; align=\u00a0\u00bbcenter\u00a0\u00bb _builder_version=\u00a0\u00bb4.24.0&Prime; _module_preset=\u00a0\u00bbdefault\u00a0\u00bb box_shadow_style=\u00a0\u00bbpreset1&Prime; global_colors_info=\u00a0\u00bb{}\u00a0\u00bb][\/et_pb_image][\/et_pb_column][\/et_pb_row][\/et_pb_section][et_pb_section fb_built=\u00a0\u00bb1&Prime; _builder_version=\u00a0\u00bb4.24.0&Prime; _module_preset=\u00a0\u00bbdefault\u00a0\u00bb background_color=\u00a0\u00bbRGBA(255,255,255,0)\u00a0\u00bb da_disable_devices=\u00a0\u00bboff|off|off\u00a0\u00bb global_colors_info=\u00a0\u00bb{}\u00a0\u00bb da_is_popup=\u00a0\u00bboff\u00a0\u00bb da_exit_intent=\u00a0\u00bboff\u00a0\u00bb da_has_close=\u00a0\u00bbon\u00a0\u00bb da_alt_close=\u00a0\u00bboff\u00a0\u00bb da_dark_close=\u00a0\u00bboff\u00a0\u00bb da_not_modal=\u00a0\u00bbon\u00a0\u00bb da_is_singular=\u00a0\u00bboff\u00a0\u00bb da_with_loader=\u00a0\u00bboff\u00a0\u00bb da_has_shadow=\u00a0\u00bbon\u00a0\u00bb][et_pb_row _builder_version=\u00a0\u00bb4.24.0&Prime; _module_preset=\u00a0\u00bbdefault\u00a0\u00bb width=\u00a0\u00bb100%\u00a0\u00bb global_colors_info=\u00a0\u00bb{}\u00a0\u00bb][et_pb_column type=\u00a0\u00bb4_4&Prime; _builder_version=\u00a0\u00bb4.24.0&Prime; _module_preset=\u00a0\u00bbdefault\u00a0\u00bb global_colors_info=\u00a0\u00bb{}\u00a0\u00bb][et_pb_slider show_arrows=\u00a0\u00bboff\u00a0\u00bb show_pagination=\u00a0\u00bboff\u00a0\u00bb _builder_version=\u00a0\u00bb4.24.0&Prime; _module_preset=\u00a0\u00bbdefault\u00a0\u00bb body_font_size=\u00a0\u00bb20px\u00a0\u00bb background_color=\u00a0\u00bb#000000&Prime; background_image=\u00a0\u00bbhttps:\/\/fetedelabio.org\/2024\/wp-content\/uploads\/sites\/2\/2024\/03\/epouvantails.jpg\u00a0\u00bb custom_padding=\u00a0\u00bb100px||100px||true|false\u00a0\u00bb auto=\u00a0\u00bbon\u00a0\u00bb locked=\u00a0\u00bboff\u00a0\u00bb global_colors_info=\u00a0\u00bb{}\u00a0\u00bb][et_pb_slide heading=\u00a0\u00bbSpectacle th\u00e9\u00e2tral Terre V\u00e9rit\u00e9\u00a0\u00bb button_text=\u00a0\u00bbJe r\u00e9serve\u00a0\u00bb button_link=\u00a0\u00bbhttps:\/\/fetedelabio.org\/2024\/visiteurs\/#restheatre\u00a0\u00bb _builder_version=\u00a0\u00bb4.24.0&Prime; _module_preset=\u00a0\u00bbdefault\u00a0\u00bb header_line_height=\u00a0\u00bb2.1em\u00a0\u00bb body_line_height=\u00a0\u00bb1.9em\u00a0\u00bb background_color=\u00a0\u00bbrgba(0,0,0,0.32)\u00a0\u00bb background_enable_color=\u00a0\u00bbon\u00a0\u00bb background_image=\u00a0\u00bbhttps:\/\/fetedelabio.org\/2024\/wp-content\/uploads\/sites\/2\/2024\/03\/TerreDeVerite.jpg\u00a0\u00bb background_enable_image=\u00a0\u00bbon\u00a0\u00bb background_blend=\u00a0\u00bbmultiply\u00a0\u00bb custom_button=\u00a0\u00bbon\u00a0\u00bb button_text_size=\u00a0\u00bb20px\u00a0\u00bb button_bg_color=\u00a0\u00bb#8dc38b\u00a0\u00bb header_text_shadow_style=\u00a0\u00bbpreset1&Prime; header_text_shadow_horizontal_length=\u00a0\u00bb0.2em\u00a0\u00bb header_text_shadow_vertical_length=\u00a0\u00bb0.2em\u00a0\u00bb header_text_shadow_blur_strength=\u00a0\u00bb0.31em\u00a0\u00bb header_text_shadow_color=\u00a0\u00bb#000000&Prime; body_text_shadow_style=\u00a0\u00bbpreset3&Prime; body_text_shadow_horizontal_length=\u00a0\u00bb0.2em\u00a0\u00bb body_text_shadow_vertical_length=\u00a0\u00bb0.2em\u00a0\u00bb body_text_shadow_blur_strength=\u00a0\u00bb0.38em\u00a0\u00bb body_text_shadow_color=\u00a0\u00bb#000000&Prime; locked=\u00a0\u00bboff\u00a0\u00bb global_colors_info=\u00a0\u00bb{}\u00a0\u00bb button_bg_color__hover_enabled=\u00a0\u00bbon|hover\u00a0\u00bb button_bg_color__hover=\u00a0\u00bb#FFFFFF\u00a0\u00bb button_bg_enable_color__hover=\u00a0\u00bbon\u00a0\u00bb button_text_color__hover_enabled=\u00a0\u00bbon|hover\u00a0\u00bb button_text_color__hover=\u00a0\u00bb#8dc38b\u00a0\u00bb sticky_transition=\u00a0\u00bbon\u00a0\u00bb]<\/p>\n<p>Samedi 14h30-16h00 et 16h30-18h00<br \/>Dimanche 14h30-16h00 et 16h30-18h00<\/p>\n<p>Gratuit pour les d\u00e9tenteurs d&rsquo;un ticket d&rsquo;acc\u00e8s \u00e0 la F\u00eate de la Bio.<\/p>\n<p><strong><span style=\"text-transform: uppercase;\">Avec Corpus<\/span><\/strong><\/p>\n<p><img loading=\"lazy\" decoding=\"async\" src=\"https:\/\/fetedelabio.org\/2024\/wp-content\/uploads\/sites\/2\/2024\/03\/logoCorpus.gif\" width=\"170\" height=\"205\" alt=\"\" class=\"wp-image-414 alignnone size-full\" \/><\/p>\n<p>Une pi\u00e8ce de th\u00e9\u00e2tre de Fabrice Macaux<br \/>avec les habitants du Pays de Caux<\/p>\n<p>&nbsp;<\/p>\n<p>[\/et_pb_slide][et_pb_slide heading=\u00a0\u00bbSpectacle \u00e9questre Chevaliers\u00a0\u00bb _builder_version=\u00a0\u00bb4.24.0&Prime; _module_preset=\u00a0\u00bbdefault\u00a0\u00bb header_line_height=\u00a0\u00bb2.1em\u00a0\u00bb body_line_height=\u00a0\u00bb1.9em\u00a0\u00bb background_color=\u00a0\u00bbrgba(0,0,0,0.32)\u00a0\u00bb background_enable_color=\u00a0\u00bbon\u00a0\u00bb background_image=\u00a0\u00bbhttps:\/\/fetedelabio.org\/2024\/wp-content\/uploads\/sites\/2\/2024\/03\/chevaliers.jpg\u00a0\u00bb background_enable_image=\u00a0\u00bbon\u00a0\u00bb background_blend=\u00a0\u00bbmultiply\u00a0\u00bb header_text_shadow_style=\u00a0\u00bbpreset1&Prime; header_text_shadow_horizontal_length=\u00a0\u00bb0.2em\u00a0\u00bb header_text_shadow_vertical_length=\u00a0\u00bb0.2em\u00a0\u00bb header_text_shadow_blur_strength=\u00a0\u00bb0.31em\u00a0\u00bb header_text_shadow_color=\u00a0\u00bb#000000&Prime; body_text_shadow_style=\u00a0\u00bbpreset3&Prime; body_text_shadow_horizontal_length=\u00a0\u00bb0.2em\u00a0\u00bb body_text_shadow_vertical_length=\u00a0\u00bb0.2em\u00a0\u00bb body_text_shadow_blur_strength=\u00a0\u00bb0.38em\u00a0\u00bb body_text_shadow_color=\u00a0\u00bb#000000&Prime; locked=\u00a0\u00bboff\u00a0\u00bb global_colors_info=\u00a0\u00bb{}\u00a0\u00bb sticky_transition=\u00a0\u00bbon\u00a0\u00bb]<\/p>\n<p>Samedi 15h30-16h30<\/p>\n<p>Avec L&rsquo;Art en Cavale<\/p>\n<p><img loading=\"lazy\" decoding=\"async\" src=\"https:\/\/fetedelabio.org\/2024\/wp-content\/uploads\/sites\/2\/2024\/03\/logo-lartencavale.png\" width=\"187\" height=\"187\" alt=\"\" class=\"wp-image-426 alignnone size-full\" srcset=\"https:\/\/fetedelabio.org\/2024\/wp-content\/uploads\/sites\/2\/2024\/03\/logo-lartencavale.png 320w, https:\/\/fetedelabio.org\/2024\/wp-content\/uploads\/sites\/2\/2024\/03\/logo-lartencavale-300x300.png 300w, https:\/\/fetedelabio.org\/2024\/wp-content\/uploads\/sites\/2\/2024\/03\/logo-lartencavale-150x150.png 150w\" sizes=\"(max-width: 187px) 100vw, 187px\" \/><\/p>\n<p>Le seigneur du Comt\u00e9 organise \u00a0un tournoi, o\u00f9 il convie ses meilleurs chevaliers, afin de marier sa fille. Les chevaliers s&rsquo;affrontent lors de diff\u00e9rentes \u00e9preuves. Le vainqueur gagne la main de la fille du seigneur.<br \/>Le spectacle \u00e9volue \u00a0en fonction de la participation du public. Par son vote, il d\u00e9cide qui \u00e9pouse la fille du seigneur.<\/p>\n<p>&nbsp;<\/p>\n<p>[\/et_pb_slide][et_pb_slide heading=\u00a0\u00bbSpectacle \u00e9questre Le banquet\u00a0\u00bb _builder_version=\u00a0\u00bb4.24.0&Prime; _module_preset=\u00a0\u00bbdefault\u00a0\u00bb header_line_height=\u00a0\u00bb2.1em\u00a0\u00bb body_line_height=\u00a0\u00bb1.9em\u00a0\u00bb background_color=\u00a0\u00bbrgba(0,0,0,0.32)\u00a0\u00bb background_enable_color=\u00a0\u00bbon\u00a0\u00bb background_image=\u00a0\u00bbhttps:\/\/fetedelabio.org\/2024\/wp-content\/uploads\/sites\/2\/2024\/03\/lebanquet.jpg\u00a0\u00bb background_enable_image=\u00a0\u00bbon\u00a0\u00bb background_blend=\u00a0\u00bbmultiply\u00a0\u00bb header_text_shadow_style=\u00a0\u00bbpreset1&Prime; header_text_shadow_horizontal_length=\u00a0\u00bb0.2em\u00a0\u00bb header_text_shadow_vertical_length=\u00a0\u00bb0.2em\u00a0\u00bb header_text_shadow_blur_strength=\u00a0\u00bb0.31em\u00a0\u00bb header_text_shadow_color=\u00a0\u00bb#000000&Prime; body_text_shadow_style=\u00a0\u00bbpreset3&Prime; body_text_shadow_horizontal_length=\u00a0\u00bb0.2em\u00a0\u00bb body_text_shadow_vertical_length=\u00a0\u00bb0.2em\u00a0\u00bb body_text_shadow_blur_strength=\u00a0\u00bb0.38em\u00a0\u00bb body_text_shadow_color=\u00a0\u00bb#000000&Prime; locked=\u00a0\u00bboff\u00a0\u00bb global_colors_info=\u00a0\u00bb{}\u00a0\u00bb sticky_transition=\u00a0\u00bbon\u00a0\u00bb]<\/p>\n<p>Dimanche 14h00-15h00<\/p>\n<p>Avec L&rsquo;Art en Cavale<\/p>\n<p><img loading=\"lazy\" decoding=\"async\" src=\"https:\/\/fetedelabio.org\/2024\/wp-content\/uploads\/sites\/2\/2024\/03\/logo-lartencavale.png\" width=\"187\" height=\"187\" alt=\"\" class=\"wp-image-426 alignnone size-full\" srcset=\"https:\/\/fetedelabio.org\/2024\/wp-content\/uploads\/sites\/2\/2024\/03\/logo-lartencavale.png 320w, https:\/\/fetedelabio.org\/2024\/wp-content\/uploads\/sites\/2\/2024\/03\/logo-lartencavale-300x300.png 300w, https:\/\/fetedelabio.org\/2024\/wp-content\/uploads\/sites\/2\/2024\/03\/logo-lartencavale-150x150.png 150w\" sizes=\"(max-width: 187px) 100vw, 187px\" \/><\/p>\n<p>Apr\u00e8s avoir durement bataill\u00e9 pour gagner la main de M\u00e9lissandre, les chevaliers reviennent pout c\u00e9l\u00e9brer les noces d&rsquo;Enguilbert et M\u00e9lissandre. Ce n&rsquo;est pas sans compter sur l&rsquo;amour de Willibert pour M\u00e9lissandre&#8230;<br \/>Le spectacle \u00e9volue \u00a0en fonction de la participation du public. Par son vote, il d\u00e9cide qui \u00e9pouse la fille du seigneur.<\/p>\n<p>&nbsp;<\/p>\n<p>[\/et_pb_slide][et_pb_slide heading=\u00a0\u00bbConcours d&rsquo;\u00e9pouvantails z\u00e9ro d\u00e9chets\u00a0\u00bb button_text=\u00a0\u00bbS&rsquo;inscrire en ligne\u00a0\u00bb button_link=\u00a0\u00bbhttps:\/\/forms.gle\/RAsn2S9pnWdmfryE8&Prime; _builder_version=\u00a0\u00bb4.24.0&Prime; _module_preset=\u00a0\u00bbdefault\u00a0\u00bb header_line_height=\u00a0\u00bb2.1em\u00a0\u00bb body_line_height=\u00a0\u00bb1.9em\u00a0\u00bb background_color=\u00a0\u00bbrgba(0,0,0,0.32)\u00a0\u00bb background_enable_color=\u00a0\u00bbon\u00a0\u00bb background_image=\u00a0\u00bbhttps:\/\/fetedelabio.org\/2024\/wp-content\/uploads\/sites\/2\/2024\/03\/epouvantails.jpg\u00a0\u00bb background_enable_image=\u00a0\u00bbon\u00a0\u00bb background_blend=\u00a0\u00bbmultiply\u00a0\u00bb custom_button=\u00a0\u00bbon\u00a0\u00bb button_bg_color=\u00a0\u00bb#8dc38b\u00a0\u00bb button_icon_color=\u00a0\u00bb#8dc38b\u00a0\u00bb header_text_shadow_style=\u00a0\u00bbpreset1&Prime; header_text_shadow_horizontal_length=\u00a0\u00bb0.2em\u00a0\u00bb header_text_shadow_vertical_length=\u00a0\u00bb0.2em\u00a0\u00bb header_text_shadow_blur_strength=\u00a0\u00bb0.31em\u00a0\u00bb header_text_shadow_color=\u00a0\u00bb#000000&Prime; body_text_shadow_style=\u00a0\u00bbpreset3&Prime; body_text_shadow_horizontal_length=\u00a0\u00bb0.2em\u00a0\u00bb body_text_shadow_vertical_length=\u00a0\u00bb0.2em\u00a0\u00bb body_text_shadow_blur_strength=\u00a0\u00bb0.38em\u00a0\u00bb body_text_shadow_color=\u00a0\u00bb#000000&Prime; locked=\u00a0\u00bboff\u00a0\u00bb global_colors_info=\u00a0\u00bb{}\u00a0\u00bb button_bg_color__hover_enabled=\u00a0\u00bbon|hover\u00a0\u00bb button_bg_color__hover=\u00a0\u00bb#FFFFFF\u00a0\u00bb button_bg_enable_color__hover=\u00a0\u00bbon\u00a0\u00bb button_text_color__hover_enabled=\u00a0\u00bbon|hover\u00a0\u00bb button_text_color__hover=\u00a0\u00bb#8dc38b\u00a0\u00bb sticky_transition=\u00a0\u00bbon\u00a0\u00bb]<\/p>\n<p><a href=\"https:\/\/forms.gle\/TSonTkHCQVDiri216\"><img loading=\"lazy\" decoding=\"async\" src=\"https:\/\/fetedelabio.org\/2024\/wp-content\/uploads\/sites\/2\/2024\/03\/logoEpouvantails.jpg\" width=\"202\" height=\"175\" alt=\"\" class=\"wp-image-452 alignnone size-full\" \/><\/a><\/p>\n<p>Exposition des \u00e9pouvantails produits par les classes d&rsquo;\u00e9cole candidates.<\/p>\n<p>Remise de prix pour les les cr\u00e9ations les plus remarquables<\/p>\n<p><a href=\"https:\/\/fetedelabio.org\/2024\/wp-content\/uploads\/sites\/2\/2024\/03\/Concours-Epouvantail_v01.pdf\">Consulter le r\u00e8glement<\/a><\/p>\n<p>&nbsp;<\/p>\n<p>[\/et_pb_slide][\/et_pb_slider][\/et_pb_column][\/et_pb_row][et_pb_row disabled_on=\u00a0\u00bbon|on|off\u00a0\u00bb _builder_version=\u00a0\u00bb4.24.0&Prime; _module_preset=\u00a0\u00bbdefault\u00a0\u00bb transform_rotate=\u00a0\u00bb0deg|0deg|12deg\u00a0\u00bb z_index=\u00a0\u00bb500&Prime; custom_padding=\u00a0\u00bb0px||0px||false|false\u00a0\u00bb global_colors_info=\u00a0\u00bb{}\u00a0\u00bb][et_pb_column type=\u00a0\u00bb4_4&Prime; _builder_version=\u00a0\u00bb4.24.0&Prime; _module_preset=\u00a0\u00bbdefault\u00a0\u00bb global_colors_info=\u00a0\u00bb{}\u00a0\u00bb][et_pb_blurb title=\u00a0\u00bbConcours d&rsquo;\u00e9pouvantails\u00a0\u00bb image_icon_background_color=\u00a0\u00bb#FFFFFF\u00a0\u00bb image=\u00a0\u00bbhttps:\/\/fetedelabio.org\/2024\/wp-content\/uploads\/sites\/2\/2024\/04\/qrcodeEpouvantails.png\u00a0\u00bb image_icon_width=\u00a0\u00bb150px\u00a0\u00bb disabled_on=\u00a0\u00bbon|on|off\u00a0\u00bb _builder_version=\u00a0\u00bb4.24.0&Prime; _module_preset=\u00a0\u00bbdefault\u00a0\u00bb header_font=\u00a0\u00bb||||||||\u00a0\u00bb header_text_align=\u00a0\u00bbcenter\u00a0\u00bb header_text_color=\u00a0\u00bb#3b8934&Prime; header_font_size=\u00a0\u00bb25px\u00a0\u00bb body_font=\u00a0\u00bbGrape Nuts||||||||\u00a0\u00bb body_text_align=\u00a0\u00bbcenter\u00a0\u00bb body_text_color=\u00a0\u00bb#3b8934&Prime; body_font_size=\u00a0\u00bb25px\u00a0\u00bb background_color=\u00a0\u00bb#FFFFFF\u00a0\u00bb max_width=\u00a0\u00bb250px\u00a0\u00bb module_alignment=\u00a0\u00bbcenter\u00a0\u00bb custom_margin=\u00a0\u00bb-150px||||false|false\u00a0\u00bb custom_margin_tablet=\u00a0\u00bb-200px||||false|false\u00a0\u00bb custom_margin_phone=\u00a0\u00bb-200px||||false|false\u00a0\u00bb custom_margin_last_edited=\u00a0\u00bbon|tablet\u00a0\u00bb custom_padding=\u00a0\u00bb20px||20px||true|false\u00a0\u00bb custom_padding_tablet=\u00a0\u00bb||||true|false\u00a0\u00bb custom_padding_phone=\u00a0\u00bb||||true|false\u00a0\u00bb custom_padding_last_edited=\u00a0\u00bbon|tablet\u00a0\u00bb animation_style=\u00a0\u00bbbounce\u00a0\u00bb animation_duration=\u00a0\u00bb2000ms\u00a0\u00bb animation_delay=\u00a0\u00bb1000ms\u00a0\u00bb border_radii=\u00a0\u00bbon|10px|10px|10px|10px\u00a0\u00bb box_shadow_style=\u00a0\u00bbpreset1&Prime; global_colors_info=\u00a0\u00bb{}\u00a0\u00bb]<\/p>\n<p>Flashez ce QR Code pour inscrire votre classe.<\/p>\n<p>[\/et_pb_blurb][\/et_pb_column][\/et_pb_row][\/et_pb_section][et_pb_section fb_built=\u00a0\u00bb1&Prime; _builder_version=\u00a0\u00bb4.24.0&Prime; _module_preset=\u00a0\u00bbdefault\u00a0\u00bb custom_margin=\u00a0\u00bb-100px||||false|false\u00a0\u00bb da_disable_devices=\u00a0\u00bboff|off|off\u00a0\u00bb global_colors_info=\u00a0\u00bb{}\u00a0\u00bb da_is_popup=\u00a0\u00bboff\u00a0\u00bb da_exit_intent=\u00a0\u00bboff\u00a0\u00bb da_has_close=\u00a0\u00bbon\u00a0\u00bb da_alt_close=\u00a0\u00bboff\u00a0\u00bb da_dark_close=\u00a0\u00bboff\u00a0\u00bb da_not_modal=\u00a0\u00bbon\u00a0\u00bb da_is_singular=\u00a0\u00bboff\u00a0\u00bb da_with_loader=\u00a0\u00bboff\u00a0\u00bb da_has_shadow=\u00a0\u00bbon\u00a0\u00bb][et_pb_row column_structure=\u00a0\u00bb1_2,1_2&Prime; use_custom_gutter=\u00a0\u00bbon\u00a0\u00bb gutter_width=\u00a0\u00bb2&Prime; make_equal=\u00a0\u00bbon\u00a0\u00bb _builder_version=\u00a0\u00bb4.24.0&Prime; _module_preset=\u00a0\u00bbdefault\u00a0\u00bb custom_css_main_element=\u00a0\u00bbalign-items: center;\u00a0\u00bb global_colors_info=\u00a0\u00bb{}\u00a0\u00bb][et_pb_column type=\u00a0\u00bb1_2&Prime; _builder_version=\u00a0\u00bb4.24.0&Prime; _module_preset=\u00a0\u00bbdefault\u00a0\u00bb global_colors_info=\u00a0\u00bb{}\u00a0\u00bb][et_pb_image src=\u00a0\u00bbhttps:\/\/fetedelabio.org\/2024\/wp-content\/uploads\/sites\/2\/2024\/02\/nuageLaBioCEstQuoiuestion.jpg\u00a0\u00bb title_text=\u00a0\u00bbnuageLaBioCEstQuoiuestion\u00a0\u00bb _builder_version=\u00a0\u00bb4.24.0&Prime; _module_preset=\u00a0\u00bbdefault\u00a0\u00bb max_width=\u00a0\u00bb40%\u00a0\u00bb module_alignment=\u00a0\u00bbcenter\u00a0\u00bb global_colors_info=\u00a0\u00bb{}\u00a0\u00bb][\/et_pb_image][et_pb_text _builder_version=\u00a0\u00bb4.24.0&Prime; _module_preset=\u00a0\u00bbdefault\u00a0\u00bb text_font_size=\u00a0\u00bb18px\u00a0\u00bb text_line_height=\u00a0\u00bb1.8em\u00a0\u00bb header_text_align=\u00a0\u00bbcenter\u00a0\u00bb header_line_height=\u00a0\u00bb1.3em\u00a0\u00bb header_2_text_color=\u00a0\u00bb#d9c6b8&Prime; header_2_font_size=\u00a0\u00bb30px\u00a0\u00bb header_2_line_height=\u00a0\u00bb1.8em\u00a0\u00bb text_orientation=\u00a0\u00bbcenter\u00a0\u00bb global_colors_info=\u00a0\u00bb{}\u00a0\u00bb]<\/p>\n<h2>Le th\u00e8me de cette ann\u00e9e :<br \/>\u00ab\u00a0C&rsquo;est quoi la Bio ?\u00a0\u00bb<\/h2>\n<p style=\"text-align: justify;\">\n<p style=\"text-align: justify;\">Pour lever les pr\u00e9jug\u00e9s sur la Bio, pour une meilleure compr\u00e9hension de l&rsquo;importance de la Bio pour le territoire&#8230;<\/p>\n<p style=\"text-align: justify;\">Et si on le d\u00e9couvrait ensemble pour aller au-del\u00e0 des id\u00e9es re\u00e7ues? Prenons le temps d&rsquo;\u00e9changer les 25 et 26 mai 2024\u2026<\/p>\n<p style=\"text-align: justify;\">Un week-end pour cr\u00e9er un contexte favorable \u00e0 la compr\u00e9hension des m\u00e9tiers, des engagements et des enjeux de la BIO \u00e0 court, moyen et long terme pour les producteurs mais \u00e9galement pour les citoyens et le territoire.<\/p>\n<p style=\"text-align: justify;\">Des espaces de paroles et d&rsquo;\u00e9changes citoyens pour questionner, comprendre et se rencontrer sur des valeurs et des envies communes. Mais aussi Un parcours de compr\u00e9hension de la BIO.<\/p>\n<p>[\/et_pb_text][\/et_pb_column][et_pb_column type=\u00a0\u00bb1_2&Prime; _builder_version=\u00a0\u00bb4.24.0&Prime; _module_preset=\u00a0\u00bbdefault\u00a0\u00bb global_colors_info=\u00a0\u00bb{}\u00a0\u00bb][et_pb_image src=\u00a0\u00bbhttps:\/\/fetedelabio.org\/2024\/wp-content\/uploads\/sites\/2\/2024\/03\/Affiche_FeteDeLaBio2024_V3_.jpg\u00a0\u00bb title_text=\u00a0\u00bbAffiche_FeteDeLaBio2024_V3_\u00a0\u00bb _builder_version=\u00a0\u00bb4.24.0&Prime; _module_preset=\u00a0\u00bbdefault\u00a0\u00bb max_width=\u00a0\u00bb80%\u00a0\u00bb module_alignment=\u00a0\u00bbcenter\u00a0\u00bb box_shadow_style=\u00a0\u00bbpreset1&Prime; global_colors_info=\u00a0\u00bb{}\u00a0\u00bb][\/et_pb_image][\/et_pb_column][\/et_pb_row][\/et_pb_section][et_pb_section fb_built=\u00a0\u00bb1&Prime; admin_label=\u00a0\u00bbSection\u00a0\u00bb _builder_version=\u00a0\u00bb4.24.0&Prime; _module_preset=\u00a0\u00bbdefault\u00a0\u00bb custom_margin=\u00a0\u00bb50px||||false|false\u00a0\u00bb custom_padding=\u00a0\u00bb0px||0px||false|false\u00a0\u00bb da_disable_devices=\u00a0\u00bboff|off|off\u00a0\u00bb global_colors_info=\u00a0\u00bb{}\u00a0\u00bb da_is_popup=\u00a0\u00bboff\u00a0\u00bb da_exit_intent=\u00a0\u00bboff\u00a0\u00bb da_has_close=\u00a0\u00bbon\u00a0\u00bb da_alt_close=\u00a0\u00bboff\u00a0\u00bb da_dark_close=\u00a0\u00bboff\u00a0\u00bb da_not_modal=\u00a0\u00bbon\u00a0\u00bb da_is_singular=\u00a0\u00bboff\u00a0\u00bb da_with_loader=\u00a0\u00bboff\u00a0\u00bb da_has_shadow=\u00a0\u00bbon\u00a0\u00bb][et_pb_row _builder_version=\u00a0\u00bb4.24.0&Prime; _module_preset=\u00a0\u00bbdefault\u00a0\u00bb global_colors_info=\u00a0\u00bb{}\u00a0\u00bb][et_pb_column type=\u00a0\u00bb4_4&Prime; _builder_version=\u00a0\u00bb4.24.0&Prime; _module_preset=\u00a0\u00bbdefault\u00a0\u00bb global_colors_info=\u00a0\u00bb{}\u00a0\u00bb][et_pb_text _builder_version=\u00a0\u00bb4.24.0&Prime; text_font=\u00a0\u00bb||||||||\u00a0\u00bb text_font_size=\u00a0\u00bb18px\u00a0\u00bb text_line_height=\u00a0\u00bb2em\u00a0\u00bb header_font=\u00a0\u00bb||||||||\u00a0\u00bb header_text_color=\u00a0\u00bb#d9c6b8&Prime; header_3_font=\u00a0\u00bbMerriweather|700|||||||\u00a0\u00bb header_3_font_size=\u00a0\u00bb30px\u00a0\u00bb header_3_line_height=\u00a0\u00bb1.6em\u00a0\u00bb header_4_font=\u00a0\u00bbMerriweather|700||on|||||\u00a0\u00bb header_4_text_color=\u00a0\u00bb#d9c6b8&Prime; header_4_font_size=\u00a0\u00bb32px\u00a0\u00bb header_4_line_height=\u00a0\u00bb1.8em\u00a0\u00bb background_color=\u00a0\u00bbRGBA(255,255,255,0)\u00a0\u00bb text_orientation=\u00a0\u00bbcenter\u00a0\u00bb module_alignment=\u00a0\u00bbcenter\u00a0\u00bb custom_margin=\u00a0\u00bb50px||||false|false\u00a0\u00bb custom_padding=\u00a0\u00bb||||false|false\u00a0\u00bb header_3_font_size_tablet=\u00a0\u00bb\u00a0\u00bb header_3_font_size_phone=\u00a0\u00bb16px\u00a0\u00bb header_3_font_size_last_edited=\u00a0\u00bbon|desktop\u00a0\u00bb header_4_font_size_tablet=\u00a0\u00bb\u00a0\u00bb header_4_font_size_phone=\u00a0\u00bb25px\u00a0\u00bb header_4_font_size_last_edited=\u00a0\u00bbon|phone\u00a0\u00bb locked=\u00a0\u00bboff\u00a0\u00bb global_colors_info=\u00a0\u00bb{}\u00a0\u00bb]<\/p>\n<h4>organisation<\/h4>\n<p>Cette ann\u00e9e, et pour la premi\u00e8re fois, la f\u00eate est organis\u00e9e en Seine-Maritime, sur la pointe de Caux,<br \/>en partenariat avec l\u2019association Bio en Normandie, le R\u00e9seau des AMAP de Haute Normandie et le R\u00e9seau des CIVAM Normands.<\/p>\n<p>[\/et_pb_text][\/et_pb_column][\/et_pb_row][et_pb_row column_structure=\u00a0\u00bb1_3,1_3,1_3&Prime; _builder_version=\u00a0\u00bb4.24.0&Prime; _module_preset=\u00a0\u00bbdefault\u00a0\u00bb width_tablet=\u00a0\u00bb\u00a0\u00bb width_phone=\u00a0\u00bb\u00a0\u00bb width_last_edited=\u00a0\u00bbon|tablet\u00a0\u00bb max_width=\u00a0\u00bb1000px\u00a0\u00bb max_width_tablet=\u00a0\u00bb60%\u00a0\u00bb max_width_phone=\u00a0\u00bb60%\u00a0\u00bb max_width_last_edited=\u00a0\u00bbon|tablet\u00a0\u00bb global_colors_info=\u00a0\u00bb{}\u00a0\u00bb][et_pb_column type=\u00a0\u00bb1_3&Prime; _builder_version=\u00a0\u00bb4.24.0&Prime; _module_preset=\u00a0\u00bbdefault\u00a0\u00bb global_colors_info=\u00a0\u00bb{}\u00a0\u00bb][et_pb_image src=\u00a0\u00bbhttps:\/\/fetedelabio.org\/2024\/wp-content\/uploads\/sites\/2\/2024\/02\/Bio-en-Normandie-.png\u00a0\u00bb title_text=\u00a0\u00bblogo-amap-haut-normand-png_\u00a0\u00bb url=\u00a0\u00bbhttps:\/\/bio-normandie.org\/\u00a0\u00bb _builder_version=\u00a0\u00bb4.24.0&Prime; _module_preset=\u00a0\u00bbdefault\u00a0\u00bb max_width=\u00a0\u00bb90%\u00a0\u00bb max_width_tablet=\u00a0\u00bb50%\u00a0\u00bb max_width_phone=\u00a0\u00bb50%\u00a0\u00bb max_width_last_edited=\u00a0\u00bbon|tablet\u00a0\u00bb module_alignment=\u00a0\u00bbcenter\u00a0\u00bb global_colors_info=\u00a0\u00bb{}\u00a0\u00bb][\/et_pb_image][\/et_pb_column][et_pb_column type=\u00a0\u00bb1_3&Prime; _builder_version=\u00a0\u00bb4.24.0&Prime; _module_preset=\u00a0\u00bbdefault\u00a0\u00bb global_colors_info=\u00a0\u00bb{}\u00a0\u00bb][et_pb_image src=\u00a0\u00bbhttps:\/\/fetedelabio.org\/2024\/wp-content\/uploads\/sites\/2\/2024\/02\/reseauCivam-.jpg\u00a0\u00bb title_text=\u00a0\u00bblogo-amap-haut-normand-png_\u00a0\u00bb url=\u00a0\u00bbhttps:\/\/www.civam.org\/\u00a0\u00bb _builder_version=\u00a0\u00bb4.24.0&Prime; _module_preset=\u00a0\u00bbdefault\u00a0\u00bb max_width=\u00a0\u00bb90%\u00a0\u00bb max_width_tablet=\u00a0\u00bb50%\u00a0\u00bb max_width_phone=\u00a0\u00bb50%\u00a0\u00bb max_width_last_edited=\u00a0\u00bbon|tablet\u00a0\u00bb module_alignment=\u00a0\u00bbcenter\u00a0\u00bb global_colors_info=\u00a0\u00bb{}\u00a0\u00bb][\/et_pb_image][\/et_pb_column][et_pb_column type=\u00a0\u00bb1_3&Prime; _builder_version=\u00a0\u00bb4.24.0&Prime; _module_preset=\u00a0\u00bbdefault\u00a0\u00bb global_colors_info=\u00a0\u00bb{}\u00a0\u00bb][et_pb_image src=\u00a0\u00bbhttps:\/\/fetedelabio.org\/2024\/wp-content\/uploads\/sites\/2\/2024\/02\/logo-amap-haut-normand-png_.jpg\u00a0\u00bb title_text=\u00a0\u00bblogo-amap-haut-normand-png_\u00a0\u00bb url=\u00a0\u00bbhttps:\/\/bio-normandie.org\/\u00a0\u00bb _builder_version=\u00a0\u00bb4.24.0&Prime; _module_preset=\u00a0\u00bbdefault\u00a0\u00bb max_width=\u00a0\u00bb90%\u00a0\u00bb max_width_tablet=\u00a0\u00bb50%\u00a0\u00bb max_width_phone=\u00a0\u00bb50%\u00a0\u00bb max_width_last_edited=\u00a0\u00bbon|tablet\u00a0\u00bb module_alignment=\u00a0\u00bbcenter\u00a0\u00bb global_colors_info=\u00a0\u00bb{}\u00a0\u00bb][\/et_pb_image][\/et_pb_column][\/et_pb_row][et_pb_row _builder_version=\u00a0\u00bb4.24.0&Prime; _module_preset=\u00a0\u00bbdefault\u00a0\u00bb global_colors_info=\u00a0\u00bb{}\u00a0\u00bb][et_pb_column type=\u00a0\u00bb4_4&Prime; _builder_version=\u00a0\u00bb4.24.0&Prime; _module_preset=\u00a0\u00bbdefault\u00a0\u00bb global_colors_info=\u00a0\u00bb{}\u00a0\u00bb][et_pb_text _builder_version=\u00a0\u00bb4.24.0&Prime; text_font=\u00a0\u00bb||||||||\u00a0\u00bb text_font_size=\u00a0\u00bb18px\u00a0\u00bb text_line_height=\u00a0\u00bb2em\u00a0\u00bb header_font=\u00a0\u00bb||||||||\u00a0\u00bb header_text_color=\u00a0\u00bb#d9c6b8&Prime; header_3_font=\u00a0\u00bbMerriweather|700|||||||\u00a0\u00bb header_3_font_size=\u00a0\u00bb30px\u00a0\u00bb header_3_line_height=\u00a0\u00bb1.6em\u00a0\u00bb header_4_font=\u00a0\u00bbMerriweather|700||on|||||\u00a0\u00bb header_4_text_color=\u00a0\u00bb#d9c6b8&Prime; header_4_font_size=\u00a0\u00bb32px\u00a0\u00bb header_4_line_height=\u00a0\u00bb1.8em\u00a0\u00bb background_color=\u00a0\u00bbRGBA(255,255,255,0)\u00a0\u00bb text_orientation=\u00a0\u00bbcenter\u00a0\u00bb module_alignment=\u00a0\u00bbcenter\u00a0\u00bb custom_margin=\u00a0\u00bb50px||||false|false\u00a0\u00bb custom_padding=\u00a0\u00bb||||false|false\u00a0\u00bb header_3_font_size_tablet=\u00a0\u00bb\u00a0\u00bb header_3_font_size_phone=\u00a0\u00bb16px\u00a0\u00bb header_3_font_size_last_edited=\u00a0\u00bbon|desktop\u00a0\u00bb header_4_font_size_tablet=\u00a0\u00bb\u00a0\u00bb header_4_font_size_phone=\u00a0\u00bb25px\u00a0\u00bb header_4_font_size_last_edited=\u00a0\u00bbon|phone\u00a0\u00bb locked=\u00a0\u00bboff\u00a0\u00bb global_colors_info=\u00a0\u00bb{}\u00a0\u00bb]<\/p>\n<h4>merci \u00e0 nos partenaires<\/h4>\n<p>[\/et_pb_text][wdcl_logo_carousel nav_pagi=\u00a0\u00bbnone\u00a0\u00bb slide_count=\u00a0\u00bb5&Prime; slide_count_tablet=\u00a0\u00bb3&Prime; slide_count_phone=\u00a0\u00bb3&Prime; slide_count_last_edited=\u00a0\u00bbon|tablet\u00a0\u00bb _builder_version=\u00a0\u00bb4.24.0&Prime; _module_preset=\u00a0\u00bbdefault\u00a0\u00bb custom_css_main_element=\u00a0\u00bbalign-items: center !important;\u00a0\u00bb global_colors_info=\u00a0\u00bb{}\u00a0\u00bb][wdcl_logo_carousel_child logo=\u00a0\u00bbhttps:\/\/fetedelabio.org\/2024\/wp-content\/uploads\/sites\/2\/2024\/03\/creditMutuel.jpg\u00a0\u00bb logo_alt=\u00a0\u00bbCr\u00e9dit Mutuel\u00a0\u00bb is_link=\u00a0\u00bbon\u00a0\u00bb link_url=\u00a0\u00bbhttps:\/\/www.creditmutuel.fr\/home\/index.html\u00a0\u00bb _builder_version=\u00a0\u00bb4.24.0&Prime; _module_preset=\u00a0\u00bbdefault\u00a0\u00bb global_colors_info=\u00a0\u00bb{}\u00a0\u00bb][\/wdcl_logo_carousel_child][wdcl_logo_carousel_child logo=\u00a0\u00bbhttps:\/\/fetedelabio.org\/2024\/wp-content\/uploads\/sites\/2\/2024\/03\/horizon.jpg\u00a0\u00bb logo_alt=\u00a0\u00bbHorizon\u00a0\u00bb is_link=\u00a0\u00bbon\u00a0\u00bb link_url=\u00a0\u00bbhttps:\/\/www.horizon-fm.fr\/\u00a0\u00bb _builder_version=\u00a0\u00bb4.24.0&Prime; _module_preset=\u00a0\u00bbdefault\u00a0\u00bb global_colors_info=\u00a0\u00bb{}\u00a0\u00bb][\/wdcl_logo_carousel_child][wdcl_logo_carousel_child logo=\u00a0\u00bbhttps:\/\/fetedelabio.org\/2024\/wp-content\/uploads\/sites\/2\/2024\/03\/Logo_Le_Havre_Seine_Metropole.svg_.jpg\u00a0\u00bb logo_alt=\u00a0\u00bbLe Havre Seine M\u00e9tropole\u00a0\u00bb is_link=\u00a0\u00bbon\u00a0\u00bb link_url=\u00a0\u00bbhttps:\/\/www.lehavreseinemetropole.fr\/\u00a0\u00bb _builder_version=\u00a0\u00bb4.24.0&Prime; _module_preset=\u00a0\u00bbdefault\u00a0\u00bb custom_css_main_element=\u00a0\u00bbmax-width: 75%;||margin: auto;\u00a0\u00bb global_colors_info=\u00a0\u00bb{}\u00a0\u00bb][\/wdcl_logo_carousel_child][wdcl_logo_carousel_child logo=\u00a0\u00bbhttps:\/\/fetedelabio.org\/2024\/wp-content\/uploads\/sites\/2\/2024\/04\/Logo_UE_FEADER_LEADER.jpg\u00a0\u00bb logo_alt=\u00a0\u00bbLeader\u00a0\u00bb is_link=\u00a0\u00bbon\u00a0\u00bb link_url=\u00a0\u00bbhttps:\/\/www.europe-en-france.gouv.fr\/fr\/leader-accompagne-les-territoires-ruraux\u00a0\u00bb _builder_version=\u00a0\u00bb4.24.0&Prime; _module_preset=\u00a0\u00bbdefault\u00a0\u00bb custom_css_main_element=\u00a0\u00bbmax-width: 75%;||margin: auto;\u00a0\u00bb global_colors_info=\u00a0\u00bb{}\u00a0\u00bb][\/wdcl_logo_carousel_child][wdcl_logo_carousel_child logo=\u00a0\u00bbhttps:\/\/fetedelabio.org\/2024\/wp-content\/uploads\/sites\/2\/2024\/03\/Region-Normandie.jpg\u00a0\u00bb logo_alt=\u00a0\u00bbR\u00e9gion Normandie\u00a0\u00bb is_link=\u00a0\u00bbon\u00a0\u00bb link_url=\u00a0\u00bbhttps:\/\/www.normandie.fr\/\u00a0\u00bb _builder_version=\u00a0\u00bb4.24.0&Prime; _module_preset=\u00a0\u00bbdefault\u00a0\u00bb custom_css_main_element=\u00a0\u00bbmax-width: 90%;||margin: auto;\u00a0\u00bb global_colors_info=\u00a0\u00bb{}\u00a0\u00bb][\/wdcl_logo_carousel_child][wdcl_logo_carousel_child logo=\u00a0\u00bbhttps:\/\/fetedelabio.org\/2024\/wp-content\/uploads\/sites\/2\/2024\/03\/seineMaritime.jpg\u00a0\u00bb logo_alt=\u00a0\u00bbSeine Maritime\u00a0\u00bb is_link=\u00a0\u00bbon\u00a0\u00bb link_url=\u00a0\u00bbhttps:\/\/www.seinemaritime.fr\/\u00a0\u00bb _builder_version=\u00a0\u00bb4.24.0&Prime; _module_preset=\u00a0\u00bbdefault\u00a0\u00bb custom_css_main_element=\u00a0\u00bbmax-width: 65%;||margin: auto;\u00a0\u00bb global_colors_info=\u00a0\u00bb{}\u00a0\u00bb][\/wdcl_logo_carousel_child][wdcl_logo_carousel_child logo=\u00a0\u00bbhttps:\/\/fetedelabio.org\/2024\/wp-content\/uploads\/sites\/2\/2024\/03\/tendanceOuest.jpg\u00a0\u00bb logo_alt=\u00a0\u00bbTendance Ouest\u00a0\u00bb is_link=\u00a0\u00bbon\u00a0\u00bb link_url=\u00a0\u00bbhttps:\/\/www.tendanceouest.com\/\u00a0\u00bb _builder_version=\u00a0\u00bb4.24.0&Prime; _module_preset=\u00a0\u00bbdefault\u00a0\u00bb custom_css_main_element=\u00a0\u00bbmax-width: 80%;||margin: auto;\u00a0\u00bb global_colors_info=\u00a0\u00bb{}\u00a0\u00bb][\/wdcl_logo_carousel_child][wdcl_logo_carousel_child logo=\u00a0\u00bbhttps:\/\/fetedelabio.org\/2024\/wp-content\/uploads\/sites\/2\/2024\/03\/credit-agricole.jpg\u00a0\u00bb logo_alt=\u00a0\u00bbCr\u00e9dit agricole\u00a0\u00bb is_link=\u00a0\u00bbon\u00a0\u00bb link_url=\u00a0\u00bbhttps:\/\/www.credit-agricole.fr\/\u00a0\u00bb _builder_version=\u00a0\u00bb4.24.0&Prime; _module_preset=\u00a0\u00bbdefault\u00a0\u00bb custom_css_main_element=\u00a0\u00bbmax-width: 30%;||margin: auto;\u00a0\u00bb global_colors_info=\u00a0\u00bb{}\u00a0\u00bb][\/wdcl_logo_carousel_child][wdcl_logo_carousel_child logo=\u00a0\u00bbhttps:\/\/fetedelabio.org\/2024\/wp-content\/uploads\/sites\/2\/2024\/03\/groupama.jpg\u00a0\u00bb logo_alt=\u00a0\u00bbGroupama\u00a0\u00bb is_link=\u00a0\u00bbon\u00a0\u00bb link_url=\u00a0\u00bbhttps:\/\/www.groupama.fr\/\u00a0\u00bb _builder_version=\u00a0\u00bb4.24.0&Prime; _module_preset=\u00a0\u00bbdefault\u00a0\u00bb global_colors_info=\u00a0\u00bb{}\u00a0\u00bb][\/wdcl_logo_carousel_child][wdcl_logo_carousel_child logo=\u00a0\u00bbhttps:\/\/fetedelabio.org\/2024\/wp-content\/uploads\/sites\/2\/2024\/03\/msa.jpg\u00a0\u00bb logo_alt=\u00a0\u00bbMSA\u00a0\u00bb is_link=\u00a0\u00bbon\u00a0\u00bb link_url=\u00a0\u00bbhttps:\/\/www.msa.fr\/\u00a0\u00bb _builder_version=\u00a0\u00bb4.24.0&Prime; _module_preset=\u00a0\u00bbdefault\u00a0\u00bb custom_css_main_element=\u00a0\u00bbmax-width: 60%;||margin: auto;\u00a0\u00bb global_colors_info=\u00a0\u00bb{}\u00a0\u00bb][\/wdcl_logo_carousel_child][wdcl_logo_carousel_child logo=\u00a0\u00bbhttps:\/\/fetedelabio.org\/2024\/wp-content\/uploads\/sites\/2\/2024\/04\/graimbouville.jpg\u00a0\u00bb _builder_version=\u00a0\u00bb4.24.0&Prime; _module_preset=\u00a0\u00bbdefault\u00a0\u00bb link_option_url=\u00a0\u00bbhttps:\/\/www.graimbouville.fr\/ss-16\/ma-mairie\u00a0\u00bb custom_css_main_element=\u00a0\u00bbmax-width: 150px;\u00a0\u00bb global_colors_info=\u00a0\u00bb{}\u00a0\u00bb][\/wdcl_logo_carousel_child][\/wdcl_logo_carousel][\/et_pb_column][\/et_pb_row][\/et_pb_section]<\/p>\n","protected":false},"excerpt":{"rendered":"<p>F\u00eate de la bio en Normandie &nbsp; &nbsp;Ce site est encore en construction. Vous pouvez n\u00e9anmoins le visiter, mais toutes les informations concernant l&rsquo;\u00e9dition 2024 de la F\u00eate de la Bio n&rsquo;y sont pas encore consign\u00e9es. Pensez \u00e0 revenir y faire un tour pour en d\u00e9couvrir les derni\u00e8res mises \u00e0 jour.En continu sur le weekend, [&hellip;]<\/p>\n","protected":false},"author":1,"featured_media":0,"parent":0,"menu_order":0,"comment_status":"closed","ping_status":"closed","template":"","meta":{"_et_pb_use_builder":"on","_et_pb_old_content":"","_et_gb_content_width":"","footnotes":""},"class_list":["post-17","page","type-page","status-publish","hentry"],"yoast_head":"<!-- This site is optimized with the Yoast SEO plugin v24.2 - https:\/\/yoast.com\/wordpress\/plugins\/seo\/ -->\n<title>F\u00eate de la Bio - \u00c9dition 2024 - La F\u00eate de la Bio - \u00c9dition 2024<\/title>\n<meta name=\"robots\" content=\"index, follow, max-snippet:-1, max-image-preview:large, max-video-preview:-1\" \/>\n<link rel=\"canonical\" href=\"https:\/\/fetedelabio.org\/2024\/\" \/>\n<meta property=\"og:locale\" content=\"fr_FR\" \/>\n<meta property=\"og:type\" content=\"article\" \/>\n<meta property=\"og:title\" content=\"F\u00eate de la Bio - \u00c9dition 2024 - La F\u00eate de la Bio - \u00c9dition 2024\" \/>\n<meta property=\"og:description\" content=\"F\u00eate de la bio en Normandie &nbsp; &nbsp;Ce site est encore en construction. Vous pouvez n\u00e9anmoins le visiter, mais toutes les informations concernant l&#039;\u00e9dition 2024 de la F\u00eate de la Bio n&#039;y sont pas encore consign\u00e9es. Pensez \u00e0 revenir y faire un tour pour en d\u00e9couvrir les derni\u00e8res mises \u00e0 jour.En continu sur le weekend, [&hellip;]\" \/>\n<meta property=\"og:url\" content=\"https:\/\/fetedelabio.org\/2024\/\" \/>\n<meta property=\"og:site_name\" content=\"La F\u00eate de la Bio - \u00c9dition 2024\" \/>\n<meta property=\"article:modified_time\" content=\"2024-05-15T20:26:14+00:00\" \/>\n<meta property=\"og:image\" content=\"https:\/\/fetedelabio.org\/2024\/wp-content\/uploads\/sites\/2\/2024\/03\/logoCorpus.gif\" \/>\n<meta name=\"twitter:card\" content=\"summary_large_image\" \/>\n<meta name=\"twitter:label1\" content=\"Dur\u00e9e de lecture estim\u00e9e\" \/>\n\t<meta name=\"twitter:data1\" content=\"33 minutes\" \/>\n<script type=\"application\/ld+json\" class=\"yoast-schema-graph\">{\"@context\":\"https:\/\/schema.org\",\"@graph\":[{\"@type\":\"WebPage\",\"@id\":\"https:\/\/fetedelabio.org\/2024\/\",\"url\":\"https:\/\/fetedelabio.org\/2024\/\",\"name\":\"F\u00eate de la Bio - \u00c9dition 2024 - La F\u00eate de la Bio - \u00c9dition 2024\",\"isPartOf\":{\"@id\":\"https:\/\/fetedelabio.org\/2024\/#website\"},\"primaryImageOfPage\":{\"@id\":\"https:\/\/fetedelabio.org\/2024\/#primaryimage\"},\"image\":{\"@id\":\"https:\/\/fetedelabio.org\/2024\/#primaryimage\"},\"thumbnailUrl\":\"https:\/\/fetedelabio.org\/2024\/wp-content\/uploads\/sites\/2\/2024\/03\/logoCorpus.gif\",\"datePublished\":\"2024-01-29T12:04:40+00:00\",\"dateModified\":\"2024-05-15T20:26:14+00:00\",\"breadcrumb\":{\"@id\":\"https:\/\/fetedelabio.org\/2024\/#breadcrumb\"},\"inLanguage\":\"fr-FR\",\"potentialAction\":[{\"@type\":\"ReadAction\",\"target\":[\"https:\/\/fetedelabio.org\/2024\/\"]}]},{\"@type\":\"ImageObject\",\"inLanguage\":\"fr-FR\",\"@id\":\"https:\/\/fetedelabio.org\/2024\/#primaryimage\",\"url\":\"https:\/\/fetedelabio.org\/2024\/wp-content\/uploads\/sites\/2\/2024\/03\/logoCorpus.gif\",\"contentUrl\":\"https:\/\/fetedelabio.org\/2024\/wp-content\/uploads\/sites\/2\/2024\/03\/logoCorpus.gif\",\"width\":170,\"height\":205},{\"@type\":\"BreadcrumbList\",\"@id\":\"https:\/\/fetedelabio.org\/2024\/#breadcrumb\",\"itemListElement\":[{\"@type\":\"ListItem\",\"position\":1,\"name\":\"Accueil\",\"item\":\"https:\/\/fetedelabio.org\/2024\/\"},{\"@type\":\"ListItem\",\"position\":2,\"name\":\"F\u00eate de la Bio &#8211; \u00c9dition 2024\"}]},{\"@type\":\"WebSite\",\"@id\":\"https:\/\/fetedelabio.org\/2024\/#website\",\"url\":\"https:\/\/fetedelabio.org\/2024\/\",\"name\":\"La F\u00eate de la Bio - \u00c9dition 2024\",\"description\":\"Aux Trois Pierres, en Seine Maritime\",\"potentialAction\":[{\"@type\":\"SearchAction\",\"target\":{\"@type\":\"EntryPoint\",\"urlTemplate\":\"https:\/\/fetedelabio.org\/2024\/?s={search_term_string}\"},\"query-input\":{\"@type\":\"PropertyValueSpecification\",\"valueRequired\":true,\"valueName\":\"search_term_string\"}}],\"inLanguage\":\"fr-FR\"}]}<\/script>\n<!-- \/ Yoast SEO plugin. -->","yoast_head_json":{"title":"F\u00eate de la Bio - \u00c9dition 2024 - La F\u00eate de la Bio - \u00c9dition 2024","robots":{"index":"index","follow":"follow","max-snippet":"max-snippet:-1","max-image-preview":"max-image-preview:large","max-video-preview":"max-video-preview:-1"},"canonical":"https:\/\/fetedelabio.org\/2024\/","og_locale":"fr_FR","og_type":"article","og_title":"F\u00eate de la Bio - \u00c9dition 2024 - La F\u00eate de la Bio - \u00c9dition 2024","og_description":"F\u00eate de la bio en Normandie &nbsp; &nbsp;Ce site est encore en construction. Vous pouvez n\u00e9anmoins le visiter, mais toutes les informations concernant l'\u00e9dition 2024 de la F\u00eate de la Bio n'y sont pas encore consign\u00e9es. Pensez \u00e0 revenir y faire un tour pour en d\u00e9couvrir les derni\u00e8res mises \u00e0 jour.En continu sur le weekend, [&hellip;]","og_url":"https:\/\/fetedelabio.org\/2024\/","og_site_name":"La F\u00eate de la Bio - \u00c9dition 2024","article_modified_time":"2024-05-15T20:26:14+00:00","og_image":[{"url":"https:\/\/fetedelabio.org\/2024\/wp-content\/uploads\/sites\/2\/2024\/03\/logoCorpus.gif","type":"","width":"","height":""}],"twitter_card":"summary_large_image","twitter_misc":{"Dur\u00e9e de lecture estim\u00e9e":"33 minutes"},"schema":{"@context":"https:\/\/schema.org","@graph":[{"@type":"WebPage","@id":"https:\/\/fetedelabio.org\/2024\/","url":"https:\/\/fetedelabio.org\/2024\/","name":"F\u00eate de la Bio - \u00c9dition 2024 - La F\u00eate de la Bio - \u00c9dition 2024","isPartOf":{"@id":"https:\/\/fetedelabio.org\/2024\/#website"},"primaryImageOfPage":{"@id":"https:\/\/fetedelabio.org\/2024\/#primaryimage"},"image":{"@id":"https:\/\/fetedelabio.org\/2024\/#primaryimage"},"thumbnailUrl":"https:\/\/fetedelabio.org\/2024\/wp-content\/uploads\/sites\/2\/2024\/03\/logoCorpus.gif","datePublished":"2024-01-29T12:04:40+00:00","dateModified":"2024-05-15T20:26:14+00:00","breadcrumb":{"@id":"https:\/\/fetedelabio.org\/2024\/#breadcrumb"},"inLanguage":"fr-FR","potentialAction":[{"@type":"ReadAction","target":["https:\/\/fetedelabio.org\/2024\/"]}]},{"@type":"ImageObject","inLanguage":"fr-FR","@id":"https:\/\/fetedelabio.org\/2024\/#primaryimage","url":"https:\/\/fetedelabio.org\/2024\/wp-content\/uploads\/sites\/2\/2024\/03\/logoCorpus.gif","contentUrl":"https:\/\/fetedelabio.org\/2024\/wp-content\/uploads\/sites\/2\/2024\/03\/logoCorpus.gif","width":170,"height":205},{"@type":"BreadcrumbList","@id":"https:\/\/fetedelabio.org\/2024\/#breadcrumb","itemListElement":[{"@type":"ListItem","position":1,"name":"Accueil","item":"https:\/\/fetedelabio.org\/2024\/"},{"@type":"ListItem","position":2,"name":"F\u00eate de la Bio &#8211; \u00c9dition 2024"}]},{"@type":"WebSite","@id":"https:\/\/fetedelabio.org\/2024\/#website","url":"https:\/\/fetedelabio.org\/2024\/","name":"La F\u00eate de la Bio - \u00c9dition 2024","description":"Aux Trois Pierres, en Seine Maritime","potentialAction":[{"@type":"SearchAction","target":{"@type":"EntryPoint","urlTemplate":"https:\/\/fetedelabio.org\/2024\/?s={search_term_string}"},"query-input":{"@type":"PropertyValueSpecification","valueRequired":true,"valueName":"search_term_string"}}],"inLanguage":"fr-FR"}]}},"_links":{"self":[{"href":"https:\/\/fetedelabio.org\/2024\/wp-json\/wp\/v2\/pages\/17","targetHints":{"allow":["GET"]}}],"collection":[{"href":"https:\/\/fetedelabio.org\/2024\/wp-json\/wp\/v2\/pages"}],"about":[{"href":"https:\/\/fetedelabio.org\/2024\/wp-json\/wp\/v2\/types\/page"}],"author":[{"embeddable":true,"href":"https:\/\/fetedelabio.org\/2024\/wp-json\/wp\/v2\/users\/1"}],"replies":[{"embeddable":true,"href":"https:\/\/fetedelabio.org\/2024\/wp-json\/wp\/v2\/comments?post=17"}],"version-history":[{"count":4,"href":"https:\/\/fetedelabio.org\/2024\/wp-json\/wp\/v2\/pages\/17\/revisions"}],"predecessor-version":[{"id":570,"href":"https:\/\/fetedelabio.org\/2024\/wp-json\/wp\/v2\/pages\/17\/revisions\/570"}],"wp:attachment":[{"href":"https:\/\/fetedelabio.org\/2024\/wp-json\/wp\/v2\/media?parent=17"}],"curies":[{"name":"wp","href":"https:\/\/api.w.org\/{rel}","templated":true}]}}