{"id":507,"date":"2024-04-08T21:56:34","date_gmt":"2024-04-08T19:56:34","guid":{"rendered":"https:\/\/fetedelabio.org\/2024\/?page_id=507"},"modified":"2024-04-08T22:08:03","modified_gmt":"2024-04-08T20:08:03","slug":"place-de-theatre","status":"publish","type":"page","link":"https:\/\/fetedelabio.org\/2024\/place-de-theatre\/","title":{"rendered":"Place de th\u00e9\u00e2tre"},"content":{"rendered":"<p>[et_pb_section fb_built=\u00a0\u00bb1&Prime; _builder_version=\u00a0\u00bb4.24.0&Prime; _module_preset=\u00a0\u00bbdefault\u00a0\u00bb background_color=\u00a0\u00bb#a55c31&Prime; da_disable_devices=\u00a0\u00bboff|off|off\u00a0\u00bb global_colors_info=\u00a0\u00bb{}\u00a0\u00bb da_is_popup=\u00a0\u00bboff\u00a0\u00bb da_exit_intent=\u00a0\u00bboff\u00a0\u00bb da_has_close=\u00a0\u00bbon\u00a0\u00bb da_alt_close=\u00a0\u00bboff\u00a0\u00bb da_dark_close=\u00a0\u00bboff\u00a0\u00bb da_not_modal=\u00a0\u00bbon\u00a0\u00bb da_is_singular=\u00a0\u00bboff\u00a0\u00bb da_with_loader=\u00a0\u00bboff\u00a0\u00bb da_has_shadow=\u00a0\u00bbon\u00a0\u00bb][et_pb_row column_structure=\u00a0\u00bb1_3,1_3,1_3&Prime; _builder_version=\u00a0\u00bb4.24.0&Prime; _module_preset=\u00a0\u00bbdefault\u00a0\u00bb custom_padding=\u00a0\u00bb||80px||false|false\u00a0\u00bb global_colors_info=\u00a0\u00bb{}\u00a0\u00bb][et_pb_column type=\u00a0\u00bb1_3&Prime; _builder_version=\u00a0\u00bb4.24.0&Prime; _module_preset=\u00a0\u00bbdefault\u00a0\u00bb global_colors_info=\u00a0\u00bb{}\u00a0\u00bb][et_pb_button button_url=\u00a0\u00bbhttps:\/\/fetedelabio.org\/2024\/ticket-dentree\/\u00a0\u00bb button_text=\u00a0\u00bbJe r\u00e9serve mes billets d&rsquo;acc\u00e8s \u00e0 l&rsquo;\u00e9v\u00e9nement\u00a0\u00bb button_alignment=\u00a0\u00bbcenter\u00a0\u00bb _builder_version=\u00a0\u00bb4.24.0&Prime; _module_preset=\u00a0\u00bbdefault\u00a0\u00bb custom_button=\u00a0\u00bbon\u00a0\u00bb button_bg_color=\u00a0\u00bb#d9c6b8&Prime; button_icon=\u00a0\u00bb&#xf3ff;||fa||900&Prime; button_on_hover=\u00a0\u00bboff\u00a0\u00bb global_colors_info=\u00a0\u00bb{}\u00a0\u00bb button_bg_color__hover_enabled=\u00a0\u00bbon|hover\u00a0\u00bb button_bg_color__hover=\u00a0\u00bb#FFFFFF\u00a0\u00bb button_bg_enable_color__hover=\u00a0\u00bbon\u00a0\u00bb button_text_color__hover_enabled=\u00a0\u00bbon|hover\u00a0\u00bb button_text_color__hover=\u00a0\u00bb#d9c6b8&Prime;][\/et_pb_button][\/et_pb_column][et_pb_column type=\u00a0\u00bb1_3&Prime; _builder_version=\u00a0\u00bb4.24.0&Prime; _module_preset=\u00a0\u00bbdefault\u00a0\u00bb global_colors_info=\u00a0\u00bb{}\u00a0\u00bb][et_pb_button button_text=\u00a0\u00bbJe r\u00e9serve le repas assis du samedi soir\u00a0\u00bb button_alignment=\u00a0\u00bbcenter\u00a0\u00bb _builder_version=\u00a0\u00bb4.24.0&Prime; _module_preset=\u00a0\u00bbdefault\u00a0\u00bb custom_button=\u00a0\u00bbon\u00a0\u00bb button_bg_color=\u00a0\u00bb#d9c6b8&Prime; button_icon=\u00a0\u00bb&#xf2e7;||fa||900&Prime; button_on_hover=\u00a0\u00bboff\u00a0\u00bb hover_enabled=\u00a0\u00bb0&Prime; global_colors_info=\u00a0\u00bb{}\u00a0\u00bb button_bg_color__hover_enabled=\u00a0\u00bbon|hover\u00a0\u00bb button_bg_color__hover=\u00a0\u00bb#FFFFFF\u00a0\u00bb button_bg_enable_color__hover=\u00a0\u00bbon\u00a0\u00bb button_text_color__hover_enabled=\u00a0\u00bbon|hover\u00a0\u00bb button_text_color__hover=\u00a0\u00bb#d9c6b8&Prime; button_url=\u00a0\u00bbhttps:\/\/fetedelabio.org\/2024\/repas-assis-du-samedi-soir\/\u00a0\u00bb sticky_enabled=\u00a0\u00bb0&Prime;][\/et_pb_button][\/et_pb_column][et_pb_column type=\u00a0\u00bb1_3&Prime; _builder_version=\u00a0\u00bb4.24.0&Prime; _module_preset=\u00a0\u00bbdefault\u00a0\u00bb global_colors_info=\u00a0\u00bb{}\u00a0\u00bb][et_pb_button button_text=\u00a0\u00bbJe r\u00e9serve ma place gratuite pour la pi\u00e8ce de th\u00e9\u00e2tre\u00a0\u00bb button_alignment=\u00a0\u00bbcenter\u00a0\u00bb _builder_version=\u00a0\u00bb4.24.0&Prime; _module_preset=\u00a0\u00bbdefault\u00a0\u00bb custom_button=\u00a0\u00bbon\u00a0\u00bb button_text_color=\u00a0\u00bb#d9c6b8&Prime; button_bg_color=\u00a0\u00bb#FFFFFF\u00a0\u00bb button_icon=\u00a0\u00bb&#xf630;||fa||900&Prime; button_on_hover=\u00a0\u00bboff\u00a0\u00bb global_colors_info=\u00a0\u00bb{}\u00a0\u00bb button_bg_color__hover_enabled=\u00a0\u00bbon|hover\u00a0\u00bb button_bg_color__hover=\u00a0\u00bb#d9c6b8&Prime; button_bg_enable_color__hover=\u00a0\u00bbon\u00a0\u00bb button_text_color__hover_enabled=\u00a0\u00bbon|hover\u00a0\u00bb button_text_color__hover=\u00a0\u00bb#FFFFFF\u00a0\u00bb][\/et_pb_button][\/et_pb_column][\/et_pb_row][et_pb_row _builder_version=\u00a0\u00bb4.24.0&Prime; _module_preset=\u00a0\u00bbdefault\u00a0\u00bb background_color=\u00a0\u00bb#a55c31&Prime; custom_margin=\u00a0\u00bb||30px||false|false\u00a0\u00bb border_width_all=\u00a0\u00bb2px\u00a0\u00bb border_color_all=\u00a0\u00bb#a55c31&Prime; locked=\u00a0\u00bboff\u00a0\u00bb global_colors_info=\u00a0\u00bb{}\u00a0\u00bb][et_pb_column type=\u00a0\u00bb4_4&Prime; _builder_version=\u00a0\u00bb4.24.0&Prime; _module_preset=\u00a0\u00bbdefault\u00a0\u00bb global_colors_info=\u00a0\u00bb{}\u00a0\u00bb][et_pb_text module_id=\u00a0\u00bbaccessalafete\u00a0\u00bb _builder_version=\u00a0\u00bb4.24.0&Prime; _module_preset=\u00a0\u00bbdefault\u00a0\u00bb text_text_color=\u00a0\u00bb#FFFFFF\u00a0\u00bb text_line_height=\u00a0\u00bb1.9em\u00a0\u00bb header_line_height=\u00a0\u00bb1.5em\u00a0\u00bb header_2_text_color=\u00a0\u00bb#FFFFFF\u00a0\u00bb header_2_font_size=\u00a0\u00bb35px\u00a0\u00bb header_2_line_height=\u00a0\u00bb1.5em\u00a0\u00bb text_orientation=\u00a0\u00bbcenter\u00a0\u00bb global_colors_info=\u00a0\u00bb{}\u00a0\u00bb]<\/p>\n<h2>Assurez-vous d&rsquo;avoir une place\u00a0<\/h2>\n<h2>\u00e0 la repr\u00e9sentation gratuite de th\u00e9\u00e2tre<\/h2>\n<p>[\/et_pb_text][et_pb_code raw_content_tablet=\u00a0\u00bb<iframe id=%22haWidget%22 allowtransparency=%22true%22 scrolling=%22auto%22 src=%22https:\/\/www.helloasso.com\/associations\/fete-de-la-bio-normandie\/evenements\/theatre-fete-de-la-bio-2024\/widget%22 style=%22width: 100%; height: 2000px; border: none;%22><\/iframe>\u00a0\u00bb raw_content_phone=\u00a0\u00bb<iframe id=%22haWidget%22 allowtransparency=%22true%22 scrolling=%22auto%22 src=%22https:\/\/www.helloasso.com\/associations\/fete-de-la-bio-normandie\/evenements\/theatre-fete-de-la-bio-2024\/widget%22 style=%22width: 100%; height: 2400px; border: none;%22><\/iframe>\u00a0\u00bb raw_content_last_edited=\u00a0\u00bbon|phone\u00a0\u00bb _builder_version=\u00a0\u00bb4.24.0&Prime; _module_preset=\u00a0\u00bbdefault\u00a0\u00bb locked=\u00a0\u00bboff\u00a0\u00bb global_colors_info=\u00a0\u00bb{}\u00a0\u00bb]<iframe id=\"haWidget\" allowtransparency=\"true\" scrolling=\"auto\" src=\"https:\/\/www.helloasso.com\/associations\/fete-de-la-bio-normandie\/evenements\/theatre-fete-de-la-bio-2024\/widget\" style=\"width: 100%; height: 1350px; border: none;\"><\/iframe>[\/et_pb_code][\/et_pb_column][\/et_pb_row][\/et_pb_section]<\/p>\n","protected":false},"excerpt":{"rendered":"<p>Assurez-vous d&rsquo;avoir une place\u00a0 \u00e0 la repr\u00e9sentation gratuite de th\u00e9\u00e2tre<\/p>\n","protected":false},"author":1,"featured_media":0,"parent":0,"menu_order":0,"comment_status":"closed","ping_status":"closed","template":"","meta":{"_et_pb_use_builder":"on","_et_pb_old_content":"","_et_gb_content_width":"","footnotes":""},"class_list":["post-507","page","type-page","status-publish","hentry"],"yoast_head":"<!-- This site is optimized with the Yoast SEO plugin v24.2 - https:\/\/yoast.com\/wordpress\/plugins\/seo\/ -->\n<title>Place de th\u00e9\u00e2tre - La F\u00eate de la Bio - \u00c9dition 2024<\/title>\n<meta name=\"robots\" content=\"index, follow, max-snippet:-1, max-image-preview:large, max-video-preview:-1\" \/>\n<link rel=\"canonical\" href=\"https:\/\/fetedelabio.org\/2024\/place-de-theatre\/\" \/>\n<meta property=\"og:locale\" content=\"fr_FR\" \/>\n<meta property=\"og:type\" content=\"article\" \/>\n<meta property=\"og:title\" content=\"Place de th\u00e9\u00e2tre - La F\u00eate de la Bio - \u00c9dition 2024\" \/>\n<meta property=\"og:description\" content=\"Assurez-vous d&#039;avoir une place\u00a0 \u00e0 la repr\u00e9sentation gratuite de th\u00e9\u00e2tre\" \/>\n<meta property=\"og:url\" content=\"https:\/\/fetedelabio.org\/2024\/place-de-theatre\/\" \/>\n<meta property=\"og:site_name\" content=\"La F\u00eate de la Bio - \u00c9dition 2024\" \/>\n<meta property=\"article:modified_time\" content=\"2024-04-08T20:08:03+00:00\" \/>\n<meta name=\"twitter:card\" content=\"summary_large_image\" \/>\n<script type=\"application\/ld+json\" class=\"yoast-schema-graph\">{\"@context\":\"https:\/\/schema.org\",\"@graph\":[{\"@type\":\"WebPage\",\"@id\":\"https:\/\/fetedelabio.org\/2024\/place-de-theatre\/\",\"url\":\"https:\/\/fetedelabio.org\/2024\/place-de-theatre\/\",\"name\":\"Place de th\u00e9\u00e2tre - La F\u00eate de la Bio - \u00c9dition 2024\",\"isPartOf\":{\"@id\":\"https:\/\/fetedelabio.org\/2024\/#website\"},\"datePublished\":\"2024-04-08T19:56:34+00:00\",\"dateModified\":\"2024-04-08T20:08:03+00:00\",\"breadcrumb\":{\"@id\":\"https:\/\/fetedelabio.org\/2024\/place-de-theatre\/#breadcrumb\"},\"inLanguage\":\"fr-FR\",\"potentialAction\":[{\"@type\":\"ReadAction\",\"target\":[\"https:\/\/fetedelabio.org\/2024\/place-de-theatre\/\"]}]},{\"@type\":\"BreadcrumbList\",\"@id\":\"https:\/\/fetedelabio.org\/2024\/place-de-theatre\/#breadcrumb\",\"itemListElement\":[{\"@type\":\"ListItem\",\"position\":1,\"name\":\"Accueil\",\"item\":\"https:\/\/fetedelabio.org\/2024\/\"},{\"@type\":\"ListItem\",\"position\":2,\"name\":\"Place de th\u00e9\u00e2tre\"}]},{\"@type\":\"WebSite\",\"@id\":\"https:\/\/fetedelabio.org\/2024\/#website\",\"url\":\"https:\/\/fetedelabio.org\/2024\/\",\"name\":\"La F\u00eate de la Bio - \u00c9dition 2024\",\"description\":\"Aux Trois Pierres, en Seine Maritime\",\"potentialAction\":[{\"@type\":\"SearchAction\",\"target\":{\"@type\":\"EntryPoint\",\"urlTemplate\":\"https:\/\/fetedelabio.org\/2024\/?s={search_term_string}\"},\"query-input\":{\"@type\":\"PropertyValueSpecification\",\"valueRequired\":true,\"valueName\":\"search_term_string\"}}],\"inLanguage\":\"fr-FR\"}]}<\/script>\n<!-- \/ Yoast SEO plugin. -->","yoast_head_json":{"title":"Place de th\u00e9\u00e2tre - La F\u00eate de la Bio - \u00c9dition 2024","robots":{"index":"index","follow":"follow","max-snippet":"max-snippet:-1","max-image-preview":"max-image-preview:large","max-video-preview":"max-video-preview:-1"},"canonical":"https:\/\/fetedelabio.org\/2024\/place-de-theatre\/","og_locale":"fr_FR","og_type":"article","og_title":"Place de th\u00e9\u00e2tre - La F\u00eate de la Bio - \u00c9dition 2024","og_description":"Assurez-vous d'avoir une place\u00a0 \u00e0 la repr\u00e9sentation gratuite de th\u00e9\u00e2tre","og_url":"https:\/\/fetedelabio.org\/2024\/place-de-theatre\/","og_site_name":"La F\u00eate de la Bio - \u00c9dition 2024","article_modified_time":"2024-04-08T20:08:03+00:00","twitter_card":"summary_large_image","schema":{"@context":"https:\/\/schema.org","@graph":[{"@type":"WebPage","@id":"https:\/\/fetedelabio.org\/2024\/place-de-theatre\/","url":"https:\/\/fetedelabio.org\/2024\/place-de-theatre\/","name":"Place de th\u00e9\u00e2tre - La F\u00eate de la Bio - \u00c9dition 2024","isPartOf":{"@id":"https:\/\/fetedelabio.org\/2024\/#website"},"datePublished":"2024-04-08T19:56:34+00:00","dateModified":"2024-04-08T20:08:03+00:00","breadcrumb":{"@id":"https:\/\/fetedelabio.org\/2024\/place-de-theatre\/#breadcrumb"},"inLanguage":"fr-FR","potentialAction":[{"@type":"ReadAction","target":["https:\/\/fetedelabio.org\/2024\/place-de-theatre\/"]}]},{"@type":"BreadcrumbList","@id":"https:\/\/fetedelabio.org\/2024\/place-de-theatre\/#breadcrumb","itemListElement":[{"@type":"ListItem","position":1,"name":"Accueil","item":"https:\/\/fetedelabio.org\/2024\/"},{"@type":"ListItem","position":2,"name":"Place de th\u00e9\u00e2tre"}]},{"@type":"WebSite","@id":"https:\/\/fetedelabio.org\/2024\/#website","url":"https:\/\/fetedelabio.org\/2024\/","name":"La F\u00eate de la Bio - \u00c9dition 2024","description":"Aux Trois Pierres, en Seine Maritime","potentialAction":[{"@type":"SearchAction","target":{"@type":"EntryPoint","urlTemplate":"https:\/\/fetedelabio.org\/2024\/?s={search_term_string}"},"query-input":{"@type":"PropertyValueSpecification","valueRequired":true,"valueName":"search_term_string"}}],"inLanguage":"fr-FR"}]}},"_links":{"self":[{"href":"https:\/\/fetedelabio.org\/2024\/wp-json\/wp\/v2\/pages\/507","targetHints":{"allow":["GET"]}}],"collection":[{"href":"https:\/\/fetedelabio.org\/2024\/wp-json\/wp\/v2\/pages"}],"about":[{"href":"https:\/\/fetedelabio.org\/2024\/wp-json\/wp\/v2\/types\/page"}],"author":[{"embeddable":true,"href":"https:\/\/fetedelabio.org\/2024\/wp-json\/wp\/v2\/users\/1"}],"replies":[{"embeddable":true,"href":"https:\/\/fetedelabio.org\/2024\/wp-json\/wp\/v2\/comments?post=507"}],"version-history":[{"count":3,"href":"https:\/\/fetedelabio.org\/2024\/wp-json\/wp\/v2\/pages\/507\/revisions"}],"predecessor-version":[{"id":522,"href":"https:\/\/fetedelabio.org\/2024\/wp-json\/wp\/v2\/pages\/507\/revisions\/522"}],"wp:attachment":[{"href":"https:\/\/fetedelabio.org\/2024\/wp-json\/wp\/v2\/media?parent=507"}],"curies":[{"name":"wp","href":"https:\/\/api.w.org\/{rel}","templated":true}]}}